{"id":20028,"date":"2018-06-22T09:59:18","date_gmt":"2018-06-22T07:59:18","guid":{"rendered":"https:\/\/www.initiative-sauberes-trinkwasser.ch\/impressum-protection-des-donnees\/"},"modified":"2024-12-13T14:41:45","modified_gmt":"2024-12-13T13:41:45","slug":"impressum-protection-des-donnees","status":"publish","type":"page","link":"https:\/\/www.initiative-sauberes-trinkwasser.ch\/fr\/impressum-protection-des-donnees\/","title":{"rendered":"Impressum &#038; Protection des donn\u00e9es"},"content":{"rendered":"<p><strong>L&rsquo;\u00e9diteur<\/strong><\/p>\n<p>Une eau propre pour tous<br \/>\nOelweg 8<br \/>\n4537 Wiedlisbach<\/p>\n<p>T 032 636 14 16<br \/>\nM 079 829 09 19<br \/>\n<a href=\"mailto:info@trinkwasserinitiative.ch\">info@trinkwasserinitiative.ch<\/a><\/p>\n<p>Responsable: Franziska Herren<\/p>\n<h2><strong>PROTECTION DES DONN\u00c9ES<\/strong><\/h2>\n<p>Le respect de votre sph\u00e8re priv\u00e9e nous tient particuli\u00e8rement \u00e0 c\u0153ur. Vous trouvez ci-apr\u00e8s les principes r\u00e9gissant notre r\u00e9colte d\u2019information ainsi que l\u2019usage que nous en faisons.<\/p>\n<p><strong>Donn\u00e9es personnelles<\/strong><\/p>\n<ul>\n<li>Les donn\u00e9es personnelles que vous nous transmettez depuis notre site <a href=\"https:\/\/www.initiative-sauberes-trinkwasser.ch\/fr\/\">\u00ab Une eau propre pour tous \u00bb<\/a>, comme vos nom, courriel, adresse postale ou autres, ne servent que le but indiqu\u00e9. Nous ne r\u00e9coltons aucune donn\u00e9e ne servant pas ce but, par cons\u00e9quent toute utilisation non conforme est exclue.<\/li>\n<li>Les donn\u00e9es personnelles que vous nous transmettez depuis notre site <a href=\"https:\/\/www.initiative-sauberes-trinkwasser.ch\/fr\/\">\u00ab Une eau propre pour tous \u00bb<\/a>, sont conserv\u00e9es en lieu s\u00fbr, ni vendues ni transmises \u00e0 des tiers. Pour en savoir plus, voir le dernier paragraphe \u00ab\u00a0Pas de transmission de donn\u00e9es personnelles\u00a0\u00bb.<\/li>\n<li>L\u2019association \u00ab Une eau propre pour tous \u00bb ne vous enverra que les informations relatives aux services pour lesquels vous vous \u00eates inscrit\u2011e.<\/li>\n<li>En \u00e9troite collaboration avec nos prestataires, nous prot\u00e9geons nos banques de donn\u00e9es au mieux contre les attaques ext\u00e9rieures, pertes, abus ou falsifications.<\/li>\n<li>Lorsque vous acc\u00e9dez \u00e0 notre site, nous enregistrons les donn\u00e9es suivantes dans l\u2019historique\u00a0: adresse IP, date, heure, navigateur et des informations g\u00e9n\u00e9rales transmises au syst\u00e8me d\u2019exploitation et au navigateur. Ces donn\u00e9es anonymis\u00e9es ne servent qu\u2019\u00e0 des fins statistiques, en vue de dessiner des tendances et ainsi am\u00e9liorer notre offre.<\/li>\n<\/ul>\n<p><strong>Vos donn\u00e9es sont les v\u00f4tres<\/strong><\/p>\n<ul>\n<li>Tout\u2011e internaute utilisant une offre de\u00a0\u00ab Une eau propre pour tous \u00bb\u00a0a un droit de regard sur les donn\u00e9es que nous enregistrons sur elle ou lui (\u00a7 8\u00a0<a href=\"https:\/\/www.admin.ch\/opc\/fr\/classified-compilation\/19920153\/index.html\" class=\"broken_link\">loi sur la protection des donn\u00e9es, LPD<\/a>).<\/li>\n<li>Vous pouvez en tout temps exiger la rectification ou l\u2019effacement de vos donn\u00e9es (\u00a7 5 LPD). Il vous suffit d\u2019envoyer un <a href=\"mailto:info@initiative-pour-une-eau-potable-propre.ch\">e-mail<\/a> \u00e0 cet effet.<\/li>\n<\/ul>\n<p><strong>Pas de transmission de donn\u00e9es personnelles\u00a0<\/strong><\/p>\n<ul>\n<li>Nous garantissons que nous ne transmettons aucune donn\u00e9e personnelle \u00e0 des tiers sans le consentement de l\u2019utilisateur. A l\u2019exception des autorit\u00e9s, pour autant que la loi l\u2019exige. Le prestataire de services utilisant les donn\u00e9es dans le cadre de son mandat, n\u2019est pas consid\u00e9r\u00e9 ici comme tiers Nos prestataires sont contractuellement tenus de ne traiter les donn\u00e9es qu\u2019en fonction de leur mandat et de respecter les dispositions prot\u00e9geant les donn\u00e9es.<\/li>\n<\/ul>\n<h2><strong>SERVICES EXTERNES<\/strong><\/h2>\n<p><strong>Recours \u00e0 Google Analytics<\/strong><\/p>\n<ul>\n<li>Ce site a recours \u00e0 Google Analytics, un service de cyberanalyse fourni par Google Inc. (\u00ab\u00a0Google\u00a0\u00bb).<\/li>\n<li>Google Analytics emploie des \u00ab\u00a0cookies\u00a0\u00bb\u00a0: ce sont des fichiers texte plac\u00e9s sur votre ordinateur, qui permettent d\u2019analyser votre utilisation du site.<\/li>\n<li>Les donn\u00e9es ainsi g\u00e9n\u00e9r\u00e9es, y compris votre adresse IP, sont transmises et stock\u00e9es sur un serveur de Google aux Etats-Unis, qui s\u2019en servira pour \u00e9valuer l\u2019activit\u00e9 du site, en extraire des rapports \u00e0 l\u2019intention de l\u2019op\u00e9rateur et fournir d&rsquo;autres prestations relatives \u00e0 l&rsquo;activit\u00e9 du site et \u00e0 l&rsquo;utilisation d&rsquo;internet. Google est susceptible de communiquer ces donn\u00e9es \u00e0 des tiers en cas d&rsquo;obligation l\u00e9gale ou de traitement pour le compte de Google. Google ne recoupera pas votre adresse IP avec d\u2019autres donn\u00e9es qu\u2019il d\u00e9tient.<\/li>\n<li>Votre navigateur vous offre la possibilit\u00e9 de d\u00e9sactiver l&rsquo;usage de cookies. En vous connectant \u00e0 notre site internet, vous consentez \u00e0 ce que Google exploite vos donn\u00e9es personnelles dans les conditions et pour les finalit\u00e9s d\u00e9crites ci-dessus.<\/li>\n<li>Vous pouvez emp\u00eacher Google Analytics de collecter vos donn\u00e9es (adresse IP comprise), en proc\u00e9dant p.ex. comme suit\u00a0:\u00a0<a href=\"https:\/\/tools.google.com\/dlpage\/gaoptout?hl=fr\">d\u00e9sactiver Google Analytics<\/a><\/li>\n<\/ul>\n<p><strong>Plugin Facebook<\/strong><\/p>\n<ul>\n<li>Nos pages int\u00e8grent les plugins du r\u00e9seau social Facebook, 1601 South California Avenue, Palo Alto, CA 94304, USA.<\/li>\n<li>Les plugins Facebook sont reconnaissables au logo de Facebook ou au bouton \u00ab\u00a0j\u2019aime\u00a0\u00bb. Vous trouvez\u00a0<a href=\"https:\/\/web.archive.org\/web\/20220531140040\/https:\/\/developers.facebook.com\/docs\/plugins?locale=fr_FR\">ici\u00a0<\/a>un aper\u00e7u des plugins de Facebook.<\/li>\n<li>Lorsque vous consultez nos pages, le plugin fait un lien direct entre votre navigateur et le serveur de Facebook, ce qui permet \u00e0 ce dernier de savoir que vous avez consult\u00e9 notre site avec votre adresse IP.<\/li>\n<li>Lorsque vous activez un bouton \u00ab\u00a0j\u2019aime\u00a0\u00bb sur notre site tout en \u00e9tant connect\u00e9 \u00e0 votre compte Facebook, vous pouvez relier le contenu de nos pages internet \u00e0 votre profil Facebook. Cela permet \u00e0 ce dernier de rattacher votre visite sur notre site \u00e0 votre compte. Veuillez noter qu\u2019en tant qu\u2019\u00e9diteur des pages, nous ne sommes pas inform\u00e9s du contenu des donn\u00e9es transmises, ni de l\u2019usage qu\u2019en fait Facebook. La d\u00e9claration de Facebook vous en dit plus \u00e0 ce sujet\u00a0:\u00a0<a href=\"https:\/\/web.archive.org\/web\/20240715025032\/https:\/\/www.facebook.com\/policies?\">https:\/\/www.facebook.com\/policies<\/a>.<\/li>\n<li>Pour emp\u00eacher Facebook de rattacher la consultation de nos pages \u00e0 votre compte, d\u00e9connectez-vous au pr\u00e9alable de votre compte Facebook.<\/li>\n<\/ul>\n<p><strong>Plugin Twitter<\/strong><\/p>\n<ul>\n<li>Nos pages int\u00e8grent des fonctions du service Twitter. Ces fonctions sont offertes par Twitter Inc., 1355 Market St, Suite 900, San Francisco, CA 94103, USA.<\/li>\n<li>Lorsque vous utilisez Twitter et la fonction \u00ab\u00a0retweet\u00a0\u00bb, les pages que vous consultez sont reli\u00e9es \u00e0 votre compte Twitter, les autres membres de la communaut\u00e9 en sont inform\u00e9s et des donn\u00e9es sont transmises \u00e0 Twitter. Veuillez noter qu\u2019en tant qu\u2019\u00e9diteur des pages, nous ne sommes pas inform\u00e9s du contenu des donn\u00e9es transmises, ni de l\u2019usage qu\u2019en fait Twitter. La d\u00e9claration de Twitter vous en dit plus \u00e0 ce sujet\u00a0:\u00a0<a href=\"https:\/\/twitter.com\/fr\/privacy\">com\/fr\/privacy<\/a>.<\/li>\n<li>Sur Twitter, vous pouvez changer vous-m\u00eame vos param\u00e8tres pour prot\u00e9ger vos donn\u00e9es en allant sur votre profil.<\/li>\n<\/ul>\n<p><strong>Google Plus<\/strong><\/p>\n<ul>\n<li>Nos pages int\u00e8grent des plugins du r\u00e9seau social Google Plus g\u00e9r\u00e9 par Google Inc., 1600 Amphitheatre Parkway, Mountain View, CA 94043, United States, (ci-apr\u00e8s, \u00ab\u00a0Google\u00a0\u00bb) et reconnaissables au signe \u00ab\u00a0G+\u00a0\u00bb sur fond rouge.<\/li>\n<li>Lorsque vous consultez nos pages, le plugin fait un lien direct entre votre navigateur et le serveur de Google. C\u2019est pourquoi nous n\u2019avons aucune influence sur la quantit\u00e9 de donn\u00e9es que Google r\u00e9colte par ce bouton. Selon Google, aucune donn\u00e9e personnelle n\u2019est r\u00e9colt\u00e9e si on ne clique pas sur le bouton. De telles donn\u00e9es, y comprisdont l\u2019adresse IP, ne sont r\u00e9colt\u00e9es et trait\u00e9es que pour des membres connect\u00e9s.<\/li>\n<li>Le bouton \u00ab\u00a0+1\u00a0\u00bb (https:\/\/developers.google.com\/+\/web\/buttons-policy) vous donne tous les renseignements sur la mani\u00e8re dont Google prot\u00e8ge vos donn\u00e9es\u00a0: \u00e0 quelles fins les donn\u00e9es sont r\u00e9colt\u00e9es\u00a0? en quelle quantit\u00e9\u00a0? quels autres usages en fait Google\u00a0? vos droits \u00e0 cet \u00e9gard\u00a0? les possibilit\u00e9s de param\u00e9trage pour prot\u00e9ger votre vie priv\u00e9e\u00a0?<\/li>\n<li>Si vous \u00eates membre de Google Plus, mais ne souhaitez pas que de Google r\u00e9colte des donn\u00e9es \u00e0 partir de nos pages et les relie \u00e0 votre compte Google, il vous suffit de vous d\u00e9connecter de Google Plus avant d\u2019acc\u00e9der \u00e0 notre site.<\/li>\n<\/ul>\n<h2><strong>C<\/strong><strong>LAUSE DE NON-RESPONSABILIT\u00c9<\/strong><\/h2>\n<ul>\n<li>L\u2019auteure n\u2019endosse aucune responsabilit\u00e9 quant \u00e0 la fid\u00e9lit\u00e9, \u00e0 l\u2019exactitude, \u00e0 l\u2019actualit\u00e9, \u00e0 la fiabilit\u00e9 et \u00e0 l\u2019int\u00e9gralit\u00e9 des informations de notre site.<\/li>\n<li>Elle ne saurait \u00eatre tenue responsable des dommages mat\u00e9riels ou immat\u00e9riels qui pourraient \u00eatre caus\u00e9s par l\u2019acc\u00e8s aux informations diffus\u00e9es ou par leur utilisation ou non-utilisation, par le mauvais usage de la connexion ou par des probl\u00e8mes techniques.<\/li>\n<li>Toutes les offres sont sans engagement. L\u2019auteure se r\u00e9serve express\u00e9ment le droit de modifier les pages, voire l\u2019offre, en tout ou en partie, de les compl\u00e9ter ou de les supprimer, ou encore d\u2019en suspendre temporairement ou d\u00e9finitivement la diffusion, et ce \u00e0 tout moment et sans pr\u00e9avis.<\/li>\n<\/ul>\n<h2><strong>R<\/strong><strong>ESPONSABILIT\u00c9 DES LIENS<\/strong><\/h2>\n<ul>\n<li>Les renvois et liens vers des sites tiers n\u2019engagent pas notre responsabilit\u00e9. Toute responsabilit\u00e9 pour de tels sites est rejet\u00e9e. L\u2019acc\u00e8s \u00e0 ces sites et leur utilisation sont de la responsabilit\u00e9 exclusive de l\u2019internaute.<\/li>\n<\/ul>\n<h2><strong>D<\/strong><strong>ROITS D\u2019AUTEUR-E<\/strong><\/h2>\n<ul>\n<li>Sans autre sp\u00e9cification, les textes peuvent \u00eatre librement utilis\u00e9s, en indiquant la source.<\/li>\n<li>Les droits d&rsquo;auteur-e et tous les autres droits li\u00e9s aux illustrations, photographies ou autres donn\u00e9es plac\u00e9es sur notre site web sont la propri\u00e9t\u00e9 exclusive de \u00ab Une eau propre pour tous \u00bb ou de celle des d\u00e9tenteurs express\u00e9ment cit\u00e9s.<\/li>\n<li>L\u2019utilisation d\u2019images non libres est subordonn\u00e9e \u00e0 une autorisation \u00e9crite pr\u00e9alable.<\/li>\n<\/ul>\n<h2><strong>S<\/strong><strong>OURCE<\/strong><\/h2>\n<ul>\n<li>Cet impressum et protection des donn\u00e9es s\u2019appuie sur les mod\u00e8les de\u00a0<a href=\"http:\/\/muster-vorlage.ch\/\">muster-vorlage.ch<\/a>\u00a0et de\u00a0<a href=\"http:\/\/drschwenke.de\/mailchimp-newsletter-datenschutz-muster-checkliste\/\" class=\"broken_link\">l\u2019avocat Thomas Schwenke<\/a>.<\/li>\n<\/ul>\n<h2><strong>N<\/strong><strong>EWSLETTER<\/strong><\/h2>\n<p><strong>Remarque sur la newsletter et consentement<\/strong><\/p>\n<ul>\n<li>Le contenu de notre newsletter, les proc\u00e9dures d\u2019inscription, d\u2019envoi et d\u2019analyse statistique ainsi que vos droits d\u2019opposition sont d\u00e9crits ci-apr\u00e8s. Lorsque vous vous abonnez \u00e0 notre newsletter, vous acceptez non seulement de la recevoir mais \u00e9galement les proc\u00e9dures d\u00e9crites ci-apr\u00e8s.<\/li>\n<\/ul>\n<p><strong>Contenu de la newsletter<\/strong><\/p>\n<ul>\n<li>Nous n\u2019envoyons de newsletter ou de message \u00e9lectronique \u00e0 des fins publicitaires (ci-apr\u00e8s, \u00ab\u00a0newsletter\u00a0\u00bb) qu\u2019en accord avec la ou le destinataire ou une autorisation l\u00e9gale.<\/li>\n<li>S\u2019il est concr\u00e8tement d\u00e9crit, le contenu d\u2019une newsletter est d\u00e9terminant pour l\u2019accord de l\u2019internaute lorsqu\u2019il ou elle s\u2019y inscrit. Pour le reste, notre newsletter est d\u00e9di\u00e9e \u00e0 l\u2019actualit\u00e9 et renseigne sur \u00ab Une eau propre pour tous \u00bb et ses activit\u00e9s.<\/li>\n<\/ul>\n<p><strong>Inscription en deux \u00e9tapes et archivage<\/strong><\/p>\n<ul>\n<li>L\u2019inscription \u00e0 notre newsletter se d\u00e9roule en deux \u00e9tapes (double Opt-In). Cela signifie qu\u2019apr\u00e8s vous \u00eatre inscrit\u2011e, vous recevez un message pour confirmer votre inscription. Ce proc\u00e9d\u00e9 est n\u00e9cessaire afin d\u2019\u00e9viter que l\u2019on puisse s\u2019inscrire \u00e0 notre newsletter \u00e0 l\u2019aide du courriel d\u2019un tiers.<\/li>\n<li>L\u2019inscription \u00e0 notre newsletter est archiv\u00e9e, afin de pouvoir prouver le processus d\u2019inscription, conform\u00e9ment aux exigences l\u00e9gales\u00a0: nous enregistrons le moment de votre inscription et de votre confirmation et votre adresse IP. Il en va de m\u00eame pour les modifications de vos donn\u00e9es aupr\u00e8s de MailChimp (notre logiciel d\u2019envoi).<\/li>\n<\/ul>\n<p><strong>Utilisation du logiciel \u00ab\u00a0MailChimp\u00a0\u00bb<\/strong><\/p>\n<ul>\n<li>Le newsletter est actuellement envoy\u00e9e via \u00ab\u00a0MailChimp\u00a0\u00bb, une plate-forme de l\u2019op\u00e9rateur \u00e9tats-unien Rocket Science Group, LLC, 675 Ponce De Leon Ave NE #5000, Atlanta, GA 30308, USA. Nous nous r\u00e9servons express\u00e9ment le droit de changer d\u2019op\u00e9rateur \u00e0 tout moment.<\/li>\n<li>Les courriels des destinataires de notre newsletter, ainsi que d\u2019autres donn\u00e9es d\u00e9crites ici, sont enregistr\u00e9es sur les serveurs de MailChimp aux USA. Sur notre mandat, MailChimp les utilise pour envoyer notre newsletter et l\u2019\u00e9valuer. MailChimp peut exploiter ces donn\u00e9es en vue d\u2019optimiser ou d\u2019am\u00e9liorer ses services, p.ex. optimisation technique de l\u2019envoi et de la pr\u00e9sentation de la newsletter, ou pour d\u00e9terminer de quels pays viennent les destinataires. Par contre MailChimp n\u2019en tire pas profit pour s\u2019adresser directement \u00e0 nos destinataires ou pour les transmettre \u00e0 des tiers.<\/li>\n<li>Certifi\u00e9e selon l\u2019accord \u00ab\u00a0<a href=\"https:\/\/web.archive.org\/web\/20230621180635\/https:\/\/www.privacyshield.gov\/participant?id=a2zt0000000TO6hAAG\">Privacy Shield<\/a>\u00bb sign\u00e9 entre les Etats-Unis et l\u2019UE, MailChimp s\u2019engage \u00e0 respecter les prescriptions de l\u2019UE en mati\u00e8re de protection des donn\u00e9es. De plus, nous avons conclu un\u00a0<a href=\"https:\/\/mailchimp.com\/legal\/data-processing-addendum\/\">accord de \u00ab\u00a0Data-Processing\u00a0\u00bb<\/a>, par lequel MailChimp s\u2019engage \u00e0 prot\u00e9ger les donn\u00e9es de nos internautes, de les traiter sur notre mandat conform\u00e9ment aux dispositions de protection des donn\u00e9es et en particulier de ne pas les transmettre \u00e0 des tiers. Vous pouvez prendre connaissance des dispositions que MailChimp a prises en la mati\u00e8re\u00a0<a href=\"http:\/\/mailchimp.com\/legal\/privacy\/\">ici<\/a>.<strong>\u00a0<\/strong><\/li>\n<\/ul>\n<p><strong>Donn\u00e9es d\u2019inscription<\/strong><\/p>\n<ul>\n<li>Vous devez donner votre adresse e-mail pour vous inscrire \u00e0 notre newsletter. Nous vous prions d\u2019indiquer \u00e9galement vos nom et pr\u00e9nom et votre titre, afin de la personnaliser.<\/li>\n<li>Ces donn\u00e9es seront compar\u00e9es \u00e0 celles de notre banque de membres et sympathysant\u2011e\u2011s, afin d\u2019\u00e9viter les doublons et de pouvoir adapter le contenu de la newsletter aux int\u00e9r\u00eats de notre lectorat. Vous trouvez le d\u00e9tail des champs de donn\u00e9es compar\u00e9s dans le\u00a0<a href=\"https:\/\/web.archive.org\/web\/20220630202803\/https:\/\/www.datareg.admin.ch\/search\/Search.aspx?lang=fr\">registre du Pr\u00e9pos\u00e9 f\u00e9d\u00e9ral \u00e0 la protection des donn\u00e9es et \u00e0 la transparence (PFPDT)<\/a>.<\/li>\n<\/ul>\n<p><strong>Recensement et analyses statistiques<\/strong><\/p>\n<ul>\n<li>Les newsletters comportent une balise (web-beacon), c.\u00e0.d. un fichier invisible qui est t\u00e9l\u00e9charg\u00e9 par le serveur de MailChimp lors de leur ouverture pour recenser des informations techniques sur le navigateur, votre syst\u00e8me, adresse IP, date. Ces informations sont utilis\u00e9es pour am\u00e9liorer techniquement la prestation, \u00e0 l\u2019aide de donn\u00e9es techniques ou des groupes-cibles et leurs cyber-comportements, des lieux (identifiables gr\u00e2ce aux adresse IP) ou de l\u2019horaire de connexion.<\/li>\n<li>Le recensement statistique comprend \u00e9galement des donn\u00e9es relatives \u00e0 la newsletter\u00a0: a-t-elle \u00e9t\u00e9 ouverte\u00a0? quand\u00a0? quels liens ont-ils \u00e9t\u00e9 activ\u00e9s\u00a0? Informations qui peuvent \u00eatre techniquement rattach\u00e9es \u00e0 chaque destinataire. Notre but n\u2019est pas de vous observer, celui de MailChimp non plus. Les analyses nous servent \u00e0 conna\u00eetre les cyber-habitudes de nos abonn\u00e9\u2011e\u2011s ou \u00e0 diffuser des contenus en fonction de leurs int\u00e9r\u00eats.<\/li>\n<\/ul>\n<p><strong>Lecture en ligne et gestion des donn\u00e9es<\/strong><\/p>\n<ul>\n<li>Dans certains cas, nous dirigeons les destinataires de la newsletter sur les sites de MailChimp\u00a0: p.ex. la newsletter contient un lien pour la lire en ligne (p.ex. lors d\u2019un probl\u00e8me d\u2019affichage dans le programme de courriel). Par ailleurs, les destinataires peuvent corriger ult\u00e9rieurement leurs donn\u00e9es, comme leur courriel. Enfin, la d\u00e9claration sur la protection des donn\u00e9es de MailChimp n\u2019est consultable qu\u2019en ligne.<\/li>\n<li>A ce sujet, nous vous faisons remarquer que les sites de MailChimp utilisent des cookies, ce qui lui permet, ainsi qu\u2019\u00e0 ses partenaires ou prestataires (p.ex. Google Analytics) de traiter des donn\u00e9es personnelles. Nous ne pouvons influer sur cette r\u00e9colte de donn\u00e9es. Pour en savoir plus, veuillez vous reporter \u00e0 la d\u00e9claration de MailChimp. De plus, les liens suivants vous pr\u00e9cisent les possibilit\u00e9s d\u2019opposition \u00e0 la r\u00e9colte de donn\u00e9es \u00e0 des fins publicitaires : <a href=\"http:\/\/www.aboutads.info\/choices\/\">http:\/\/www.aboutads.info\/choices\/<\/a>et\u00a0<a href=\"http:\/\/www.youronlinechoices.com\/\">http:\/\/www.youronlinechoices.com\/<\/a>\u00a0(pour l\u2019espace europ\u00e9en).<\/li>\n<\/ul>\n<p><strong>R\u00e9siliation \/ annulation<\/strong><\/p>\n<ul>\n<li>Vous pouvez en tout temps r\u00e9silier votre abonnement \u00e0 notre newsletter, c.\u00e0.d. annuler votre accord. Ainsi prennent fin simultan\u00e9ment votre accord de recevoir notre newsletter via MailChimp et les analyses statistiques. Il n\u2019est malheureusement pas possible d\u2019annuler l\u2019un ou l\u2019autre s\u00e9par\u00e9ment.<\/li>\n<li>Vous trouvez un lien pour vous d\u00e9sinscrire au bas de chaque newsletter.<\/li>\n<\/ul>\n<p><strong>Source<\/strong><\/p>\n<ul>\n<li>Remarques relatives \u00e0 la newsletter selon le mod\u00e8le de l\u2019avocat\u00a0<a href=\"http:\/\/drschwenke.de\/mailchimp-newsletter-datenschutz-muster-checkliste\/\" class=\"broken_link\">Thomas Schwenke<\/a>.<\/li>\n<\/ul>\n","protected":false},"excerpt":{"rendered":"<p>L&rsquo;\u00e9diteur Une eau propre pour tous Oelweg 8 4537 Wiedlisbach T 032 636 14 16 M 079 829 09 19 info@trinkwasserinitiative.ch Responsable: Franziska Herren PROTECTION DES DONN\u00c9ES Le respect de votre sph\u00e8re priv\u00e9e nous tient particuli\u00e8rement \u00e0 c\u0153ur. Vous trouvez ci-apr\u00e8s les principes r\u00e9gissant notre r\u00e9colte d\u2019information ainsi que l\u2019usage que nous en faisons. Donn\u00e9es [&hellip;]<\/p>\n","protected":false},"author":5,"featured_media":0,"parent":0,"menu_order":0,"comment_status":"closed","ping_status":"open","template":"","meta":{"inline_featured_image":false},"acf":[],"featured_image_urls":{"full":"","thumbnail":"","medium":"","medium_large":"","large":"","1536x1536":"","2048x2048":"","post-thumbnail":"","twentytwenty-fullscreen":""},"post_excerpt_stackable":"<p>L&rsquo;\u00e9diteur Une eau propre pour tous Oelweg 8 4537 Wiedlisbach T 032 636 14 16 M 079 829 09 19 info@trinkwasserinitiative.ch Responsable: Franziska Herren PROTECTION DES DONN\u00c9ES Le respect de votre sph\u00e8re priv\u00e9e nous tient particuli\u00e8rement \u00e0 c\u0153ur. Vous trouvez ci-apr\u00e8s les principes r\u00e9gissant notre r\u00e9colte d\u2019information ainsi que l\u2019usage que nous en faisons. Donn\u00e9es personnelles Les donn\u00e9es personnelles que vous nous transmettez depuis notre site \u00ab Une eau propre pour tous \u00bb, comme vos nom, courriel, adresse postale ou autres, ne servent que le but indiqu\u00e9. Nous ne r\u00e9coltons aucune donn\u00e9e ne servant pas ce but, par cons\u00e9quent toute\u2026<\/p>\n","category_list":"","author_info":{"name":"Walter Kummer","url":"https:\/\/www.initiative-sauberes-trinkwasser.ch\/fr\/author\/walter-kummer\/"},"comments_num":"0 commentaire","featured_image_urls_v2":{"full":"","thumbnail":"","medium":"","medium_large":"","large":"","1536x1536":"","2048x2048":"","post-thumbnail":"","twentytwenty-fullscreen":""},"post_excerpt_stackable_v2":"<p>L&rsquo;\u00e9diteur Une eau propre pour tous Oelweg 8 4537 Wiedlisbach T 032 636 14 16 M 079 829 09 19 info@trinkwasserinitiative.ch Responsable: Franziska Herren PROTECTION DES DONN\u00c9ES Le respect de votre sph\u00e8re priv\u00e9e nous tient particuli\u00e8rement \u00e0 c\u0153ur. Vous trouvez ci-apr\u00e8s les principes r\u00e9gissant notre r\u00e9colte d\u2019information ainsi que l\u2019usage que nous en faisons. Donn\u00e9es personnelles Les donn\u00e9es personnelles que vous nous transmettez depuis notre site \u00ab Une eau propre pour tous \u00bb, comme vos nom, courriel, adresse postale ou autres, ne servent que le but indiqu\u00e9. Nous ne r\u00e9coltons aucune donn\u00e9e ne servant pas ce but, par cons\u00e9quent toute\u2026<\/p>\n","category_list_v2":"","author_info_v2":{"name":"Walter Kummer","url":"https:\/\/www.initiative-sauberes-trinkwasser.ch\/fr\/author\/walter-kummer\/"},"comments_num_v2":"0 commentaire","yoast_head":"<!-- This site is optimized with the Yoast SEO plugin v19.4 - https:\/\/yoast.com\/wordpress\/plugins\/seo\/ -->\n<title>Impressum &amp; Protection des donn\u00e9es - Trinkwasserinitiative<\/title>\n<meta name=\"robots\" content=\"index, follow, max-snippet:-1, max-image-preview:large, max-video-preview:-1\" \/>\n<link rel=\"canonical\" href=\"https:\/\/www.initiative-sauberes-trinkwasser.ch\/fr\/impressum-protection-des-donnees\/\" \/>\n<meta property=\"og:locale\" content=\"fr_FR\" \/>\n<meta property=\"og:type\" content=\"article\" \/>\n<meta property=\"og:title\" content=\"Impressum &amp; Protection des donn\u00e9es - Trinkwasserinitiative\" \/>\n<meta property=\"og:description\" content=\"L&rsquo;\u00e9diteur Une eau propre pour tous Oelweg 8 4537 Wiedlisbach T 032 636 14 16 M 079 829 09 19 info@trinkwasserinitiative.ch Responsable: Franziska Herren PROTECTION DES DONN\u00c9ES Le respect de votre sph\u00e8re priv\u00e9e nous tient particuli\u00e8rement \u00e0 c\u0153ur. Vous trouvez ci-apr\u00e8s les principes r\u00e9gissant notre r\u00e9colte d\u2019information ainsi que l\u2019usage que nous en faisons. Donn\u00e9es [&hellip;]\" \/>\n<meta property=\"og:url\" content=\"https:\/\/www.initiative-sauberes-trinkwasser.ch\/fr\/impressum-protection-des-donnees\/\" \/>\n<meta property=\"og:site_name\" content=\"Trinkwasserinitiative\" \/>\n<meta property=\"article:modified_time\" content=\"2024-12-13T13:41:45+00:00\" \/>\n<meta property=\"og:image\" content=\"https:\/\/www.initiative-sauberes-trinkwasser.ch\/wp-content\/uploads\/2020\/12\/TWI_Spenden_unterstu\u0308tzen_FB-1.png\" \/>\n\t<meta property=\"og:image:width\" content=\"3917\" \/>\n\t<meta property=\"og:image:height\" content=\"3283\" \/>\n\t<meta property=\"og:image:type\" content=\"image\/png\" \/>\n<meta name=\"twitter:card\" content=\"summary_large_image\" \/>\n<meta name=\"twitter:label1\" content=\"Dur\u00e9e de lecture estim\u00e9e\" \/>\n\t<meta name=\"twitter:data1\" content=\"12 minutes\" \/>\n<script type=\"application\/ld+json\" class=\"yoast-schema-graph\">{\"@context\":\"https:\/\/schema.org\",\"@graph\":[{\"@type\":\"WebSite\",\"@id\":\"https:\/\/www.initiative-sauberes-trinkwasser.ch\/#website\",\"url\":\"https:\/\/www.initiative-sauberes-trinkwasser.ch\/\",\"name\":\"Trinkwasserinitiative\",\"description\":\"\",\"potentialAction\":[{\"@type\":\"SearchAction\",\"target\":{\"@type\":\"EntryPoint\",\"urlTemplate\":\"https:\/\/www.initiative-sauberes-trinkwasser.ch\/?s={search_term_string}\"},\"query-input\":\"required name=search_term_string\"}],\"inLanguage\":\"fr-FR\"},{\"@type\":\"WebPage\",\"@id\":\"https:\/\/www.initiative-sauberes-trinkwasser.ch\/fr\/impressum-protection-des-donnees\/\",\"url\":\"https:\/\/www.initiative-sauberes-trinkwasser.ch\/fr\/impressum-protection-des-donnees\/\",\"name\":\"Impressum & Protection des donn\u00e9es - Trinkwasserinitiative\",\"isPartOf\":{\"@id\":\"https:\/\/www.initiative-sauberes-trinkwasser.ch\/#website\"},\"datePublished\":\"2018-06-22T07:59:18+00:00\",\"dateModified\":\"2024-12-13T13:41:45+00:00\",\"breadcrumb\":{\"@id\":\"https:\/\/www.initiative-sauberes-trinkwasser.ch\/fr\/impressum-protection-des-donnees\/#breadcrumb\"},\"inLanguage\":\"fr-FR\",\"potentialAction\":[{\"@type\":\"ReadAction\",\"target\":[\"https:\/\/www.initiative-sauberes-trinkwasser.ch\/fr\/impressum-protection-des-donnees\/\"]}]},{\"@type\":\"BreadcrumbList\",\"@id\":\"https:\/\/www.initiative-sauberes-trinkwasser.ch\/fr\/impressum-protection-des-donnees\/#breadcrumb\",\"itemListElement\":[{\"@type\":\"ListItem\",\"position\":1,\"name\":\"Home\",\"item\":\"https:\/\/www.initiative-sauberes-trinkwasser.ch\/fr\/\"},{\"@type\":\"ListItem\",\"position\":2,\"name\":\"Impressum &#038; Protection des donn\u00e9es\"}]}]}<\/script>\n<!-- \/ Yoast SEO plugin. -->","yoast_head_json":{"title":"Impressum & Protection des donn\u00e9es - Trinkwasserinitiative","robots":{"index":"index","follow":"follow","max-snippet":"max-snippet:-1","max-image-preview":"max-image-preview:large","max-video-preview":"max-video-preview:-1"},"canonical":"https:\/\/www.initiative-sauberes-trinkwasser.ch\/fr\/impressum-protection-des-donnees\/","og_locale":"fr_FR","og_type":"article","og_title":"Impressum & Protection des donn\u00e9es - Trinkwasserinitiative","og_description":"L&rsquo;\u00e9diteur Une eau propre pour tous Oelweg 8 4537 Wiedlisbach T 032 636 14 16 M 079 829 09 19 info@trinkwasserinitiative.ch Responsable: Franziska Herren PROTECTION DES DONN\u00c9ES Le respect de votre sph\u00e8re priv\u00e9e nous tient particuli\u00e8rement \u00e0 c\u0153ur. Vous trouvez ci-apr\u00e8s les principes r\u00e9gissant notre r\u00e9colte d\u2019information ainsi que l\u2019usage que nous en faisons. Donn\u00e9es [&hellip;]","og_url":"https:\/\/www.initiative-sauberes-trinkwasser.ch\/fr\/impressum-protection-des-donnees\/","og_site_name":"Trinkwasserinitiative","article_modified_time":"2024-12-13T13:41:45+00:00","og_image":[{"width":3917,"height":3283,"url":"https:\/\/www.initiative-sauberes-trinkwasser.ch\/wp-content\/uploads\/2020\/12\/TWI_Spenden_unterstu\u0308tzen_FB-1.png","type":"image\/png"}],"twitter_card":"summary_large_image","twitter_misc":{"Dur\u00e9e de lecture estim\u00e9e":"12 minutes"},"schema":{"@context":"https:\/\/schema.org","@graph":[{"@type":"WebSite","@id":"https:\/\/www.initiative-sauberes-trinkwasser.ch\/#website","url":"https:\/\/www.initiative-sauberes-trinkwasser.ch\/","name":"Trinkwasserinitiative","description":"","potentialAction":[{"@type":"SearchAction","target":{"@type":"EntryPoint","urlTemplate":"https:\/\/www.initiative-sauberes-trinkwasser.ch\/?s={search_term_string}"},"query-input":"required name=search_term_string"}],"inLanguage":"fr-FR"},{"@type":"WebPage","@id":"https:\/\/www.initiative-sauberes-trinkwasser.ch\/fr\/impressum-protection-des-donnees\/","url":"https:\/\/www.initiative-sauberes-trinkwasser.ch\/fr\/impressum-protection-des-donnees\/","name":"Impressum & Protection des donn\u00e9es - Trinkwasserinitiative","isPartOf":{"@id":"https:\/\/www.initiative-sauberes-trinkwasser.ch\/#website"},"datePublished":"2018-06-22T07:59:18+00:00","dateModified":"2024-12-13T13:41:45+00:00","breadcrumb":{"@id":"https:\/\/www.initiative-sauberes-trinkwasser.ch\/fr\/impressum-protection-des-donnees\/#breadcrumb"},"inLanguage":"fr-FR","potentialAction":[{"@type":"ReadAction","target":["https:\/\/www.initiative-sauberes-trinkwasser.ch\/fr\/impressum-protection-des-donnees\/"]}]},{"@type":"BreadcrumbList","@id":"https:\/\/www.initiative-sauberes-trinkwasser.ch\/fr\/impressum-protection-des-donnees\/#breadcrumb","itemListElement":[{"@type":"ListItem","position":1,"name":"Home","item":"https:\/\/www.initiative-sauberes-trinkwasser.ch\/fr\/"},{"@type":"ListItem","position":2,"name":"Impressum &#038; Protection des donn\u00e9es"}]}]}},"_links":{"self":[{"href":"https:\/\/www.initiative-sauberes-trinkwasser.ch\/fr\/wp-json\/wp\/v2\/pages\/20028"}],"collection":[{"href":"https:\/\/www.initiative-sauberes-trinkwasser.ch\/fr\/wp-json\/wp\/v2\/pages"}],"about":[{"href":"https:\/\/www.initiative-sauberes-trinkwasser.ch\/fr\/wp-json\/wp\/v2\/types\/page"}],"author":[{"embeddable":true,"href":"https:\/\/www.initiative-sauberes-trinkwasser.ch\/fr\/wp-json\/wp\/v2\/users\/5"}],"replies":[{"embeddable":true,"href":"https:\/\/www.initiative-sauberes-trinkwasser.ch\/fr\/wp-json\/wp\/v2\/comments?post=20028"}],"version-history":[{"count":6,"href":"https:\/\/www.initiative-sauberes-trinkwasser.ch\/fr\/wp-json\/wp\/v2\/pages\/20028\/revisions"}],"predecessor-version":[{"id":45548,"href":"https:\/\/www.initiative-sauberes-trinkwasser.ch\/fr\/wp-json\/wp\/v2\/pages\/20028\/revisions\/45548"}],"wp:attachment":[{"href":"https:\/\/www.initiative-sauberes-trinkwasser.ch\/fr\/wp-json\/wp\/v2\/media?parent=20028"}],"curies":[{"name":"wp","href":"https:\/\/api.w.org\/{rel}","templated":true}]}}