{"id":20031,"date":"2018-10-16T11:49:15","date_gmt":"2018-10-16T09:49:15","guid":{"rendered":"https:\/\/www.initiative-sauberes-trinkwasser.ch\/rapports-de-presse\/"},"modified":"2025-05-05T17:53:16","modified_gmt":"2025-05-05T15:53:16","slug":"rapports-de-presse","status":"publish","type":"page","link":"https:\/\/www.initiative-sauberes-trinkwasser.ch\/fr\/rapports-de-presse\/","title":{"rendered":"Rapports de presse"},"content":{"rendered":"<ul>\n<li style=\"list-style-type: none;\">\n<ul>\n<li><em>21 mai 2021: <\/em><br \/><a href=\"https:\/\/www.rts.ch\/play\/tv\/redirect\/detail\/12217256?startTime=992\" target=\"_blank\" rel=\"noopener\">Forum: D\u00e9bat sur l&rsquo;initiative pour une eau potable propre et l&rsquo;initiative pour une Suisse libre de pesticides de synth\u00e8se \u2013 RTS<\/a><\/li>\n<\/ul>\n<\/li>\n<\/ul>\n<ul>\n<li style=\"list-style-type: none;\">\n<ul>\n<li><em>17 mai 2021: <\/em><br \/><a class=\"pdf\" href=\"https:\/\/www.initiative-sauberes-trinkwasser.ch\/wp-content\/uploads\/2021\/05\/20210517_communique_fedmedcom_soutien_initiatives_phytos_FR.pdf\" target=\"_blank\" rel=\"noopener\">La F\u00e9d\u00e9ration de la m\u00e9decine compl\u00e9mentaire soutient les initiatives phytos<\/a><\/li>\n<\/ul>\n<\/li>\n<\/ul>\n<ul>\n<li style=\"list-style-type: none;\">\n<ul>\n<li><em>12 mai 2021: <\/em><br \/><a href=\"https:\/\/www.rts.ch\/play\/tv\/redirect\/detail\/12195307\" target=\"_blank\" rel=\"noopener\">Infrarouge: D\u00e9bat sur les initiatives contre les pesticides du 13 Juin \u2013 RTS<\/a><\/li>\n<\/ul>\n<\/li>\n<\/ul>\n<ul>\n<li style=\"list-style-type: none;\">\n<ul>\n<li><em>8 avril 2021: <\/em><br \/><a href=\"https:\/\/www.24heures.ch\/un-comite-liberal-soutient-linitiative-pour-une-eau-potable-propre-289211720271?fbclid=IwAR3gzysJHpEGOWbGs45vm9wN12OsCakrCcjwRUPX8qhIPYUiPVLEAawE_ns\" target=\"_blank\" rel=\"noopener\">Un comit\u00e9 lib\u00e9ral soutient l\u2019initiative pour une eau potable propre \u2013 24 Heures<\/a><\/li>\n<li><em>24 mars 2021: <\/em><br \/><a href=\"https:\/\/www.rts.ch\/info\/suisse\/12071581-un-comite-en-faveur-des-initiatives-antipesticides-lance-sa-campagne.html\" target=\"_blank\" rel=\"noopener\">Le comit\u00e9 2 x OUI en faveur des initiatives antipesticides lance sa campagne \u2013 RTS<\/a><\/li>\n<li><em>23 mars 2021: <\/em><br \/><a href=\"https:\/\/www.rts.ch\/info\/suisse\/12069020-le-conseil-federal-contre-les-deux-initiatives-antipesticides-en-votation-en-juin.html\" target=\"_blank\" rel=\"noopener\">Le Conseil f\u00e9d\u00e9ral contre les deux initiatives antipesticides \u2013 RTS<\/a><\/li>\n<li><em>22 mars 2021: <\/em><br \/><a href=\"https:\/\/web.archive.org\/web\/20220127025506\/https:\/\/www.rts.ch\/info\/suisse\/12064920-les-defenseurs-de-linitiative-antipesticides-pour-une-eau-potable-propre-lancent-leur-campagne.html\" target=\"_blank\" rel=\"noopener\">Les d\u00e9fenseurs de l\u2019initiative \u00ab pour une eau potable propre \u00bb lancent leur campagne- RTS Info<\/a><\/li>\n<li><em>21 f\u00e9vrier 2021: <\/em><br \/><a class=\"pdf\" href=\"https:\/\/www.initiative-sauberes-trinkwasser.ch\/initiatives-antipesticides-le-lobby-agricole-est-accuse-de-faire-du-greenwashing_24-heures\/\" target=\"_blank\" rel=\"noopener\">Le lobby agricole accus\u00e9 de faire du \u00abgreenwashing\u00bb &#8211; 24 heures<\/a><\/li>\n<li><em> 5 f\u00e9vrier 2021: <\/em><br \/><a href=\"https:\/\/web.archive.org\/web\/20250209052931\/https:\/\/blogs.letemps.ch\/franci-saucy\/2021\/02\/05\/pesticides-dans-les-sols-agricoles-en-suisse-le-constat-est-alarmant\/\" target=\"_blank\" rel=\"noopener\">Pesticides dans les sols agricoles en Suisse: le constat est alarmant \u2013 Le Temps Blog<\/a><\/li>\n<\/ul>\n<\/li>\n<\/ul>\n<ul>\n<li><em>24 octobre 2020: <\/em><br \/><a href=\"https:\/\/www.tdg.ch\/tout-pour-lenvironnement-chez-les-verts-796915109125\" target=\"_blank\" rel=\"noopener noreferrer\">Tout pour l\u2019environnement chez les Verts &#8211; TdG<\/a><\/li>\n<li><a href=\"https:\/\/www.20min.ch\/ro\/news\/suisse\/story\/Initiatives-sur-les-pesticides--niet-du-National-16040389\" target=\"_blank\" rel=\"noopener noreferrer\">Initiatives sur les pesticides: niet du National \u2013 20min<\/a><\/li>\n<li><a href=\"https:\/\/www.letemps.ch\/suisse\/franziska-herren-meme-achetant-bio-subventionne-pollution\" target=\"_blank\" rel=\"noopener noreferrer\">Franziska Herren: \u00abM\u00eame en achetant bio, je subventionne la pollution\u00bb &#8211; Le Temps<\/a><\/li>\n<li><a href=\"https:\/\/www.24heures.ch\/suisse\/eau-potable-pasionaria\/story\/22818566\" target=\"_blank\" rel=\"noopener noreferrer\">L\u2019eau potable a sa pasionaria<\/a><\/li>\n<li><a href=\"https:\/\/www.24heures.ch\/suisse\/initiative-pesticides-deposee\/story\/27758212\" target=\"_blank\" rel=\"noopener noreferrer\">20min_d\u00e9poser l\u2019initiative le 18 janvier 2018<\/a><\/li>\n<li><a href=\"http:\/\/www.20min.ch\/ro\/news\/suisse\/story\/L-initiative-contre-les-pesticides-a-ete-deposee-22124273\" target=\"_blank\" rel=\"noopener noreferrer\">L\u2019initiative contre les pesticides a ete d\u00e9posee<\/a><\/li>\n<li><a href=\"http:\/\/www.swissinfo.ch\/fre\/pour-de-l-eau-potable-propre_la-femme-qui-va-convoquer-un-pays-entier-aux-urnes\/43833722\" target=\"_blank\" rel=\"noopener noreferrer\">La femme qui va convoquer un pays entier aux urnes<\/a><\/li>\n<\/ul>\n\n\n<div style=\"height:20px\" aria-hidden=\"true\" class=\"wp-block-spacer\"><\/div>\n","protected":false},"excerpt":{"rendered":"<p>21 mai 2021: Forum: D\u00e9bat sur l&rsquo;initiative pour une eau potable propre et l&rsquo;initiative pour une Suisse libre de pesticides de synth\u00e8se \u2013 RTS 17 mai 2021: La F\u00e9d\u00e9ration de la m\u00e9decine compl\u00e9mentaire soutient les initiatives phytos 12 mai 2021: Infrarouge: D\u00e9bat sur les initiatives contre les pesticides du 13 Juin \u2013 RTS 8 avril [&hellip;]<\/p>\n","protected":false},"author":5,"featured_media":0,"parent":0,"menu_order":0,"comment_status":"closed","ping_status":"open","template":"","meta":{"inline_featured_image":false},"acf":[],"featured_image_urls":{"full":"","thumbnail":"","medium":"","medium_large":"","large":"","1536x1536":"","2048x2048":"","post-thumbnail":"","twentytwenty-fullscreen":""},"post_excerpt_stackable":"<p>21 mai 2021: Forum: D\u00e9bat sur l&rsquo;initiative pour une eau potable propre et l&rsquo;initiative pour une Suisse libre de pesticides de synth\u00e8se \u2013 RTS 17 mai 2021: La F\u00e9d\u00e9ration de la m\u00e9decine compl\u00e9mentaire soutient les initiatives phytos 12 mai 2021: Infrarouge: D\u00e9bat sur les initiatives contre les pesticides du 13 Juin \u2013 RTS 8 avril 2021: Un comit\u00e9 lib\u00e9ral soutient l\u2019initiative pour une eau potable propre \u2013 24 Heures 24 mars 2021: Le comit\u00e9 2 x OUI en faveur des initiatives antipesticides lance sa campagne \u2013 RTS 23 mars 2021: Le Conseil f\u00e9d\u00e9ral contre les deux initiatives antipesticides \u2013 RTS\u2026<\/p>\n","category_list":"","author_info":{"name":"Walter Kummer","url":"https:\/\/www.initiative-sauberes-trinkwasser.ch\/fr\/author\/walter-kummer\/"},"comments_num":"0 commentaire","featured_image_urls_v2":{"full":"","thumbnail":"","medium":"","medium_large":"","large":"","1536x1536":"","2048x2048":"","post-thumbnail":"","twentytwenty-fullscreen":""},"post_excerpt_stackable_v2":"<p>21 mai 2021: Forum: D\u00e9bat sur l&rsquo;initiative pour une eau potable propre et l&rsquo;initiative pour une Suisse libre de pesticides de synth\u00e8se \u2013 RTS 17 mai 2021: La F\u00e9d\u00e9ration de la m\u00e9decine compl\u00e9mentaire soutient les initiatives phytos 12 mai 2021: Infrarouge: D\u00e9bat sur les initiatives contre les pesticides du 13 Juin \u2013 RTS 8 avril 2021: Un comit\u00e9 lib\u00e9ral soutient l\u2019initiative pour une eau potable propre \u2013 24 Heures 24 mars 2021: Le comit\u00e9 2 x OUI en faveur des initiatives antipesticides lance sa campagne \u2013 RTS 23 mars 2021: Le Conseil f\u00e9d\u00e9ral contre les deux initiatives antipesticides \u2013 RTS\u2026<\/p>\n","category_list_v2":"","author_info_v2":{"name":"Walter Kummer","url":"https:\/\/www.initiative-sauberes-trinkwasser.ch\/fr\/author\/walter-kummer\/"},"comments_num_v2":"0 commentaire","yoast_head":"<!-- This site is optimized with the Yoast SEO plugin v19.4 - https:\/\/yoast.com\/wordpress\/plugins\/seo\/ -->\n<title>Rapports de presse - Trinkwasserinitiative<\/title>\n<meta name=\"robots\" content=\"index, follow, max-snippet:-1, max-image-preview:large, max-video-preview:-1\" \/>\n<link rel=\"canonical\" href=\"https:\/\/www.initiative-sauberes-trinkwasser.ch\/fr\/rapports-de-presse\/\" \/>\n<meta property=\"og:locale\" content=\"fr_FR\" \/>\n<meta property=\"og:type\" content=\"article\" \/>\n<meta property=\"og:title\" content=\"Rapports de presse - Trinkwasserinitiative\" \/>\n<meta property=\"og:description\" content=\"21 mai 2021: Forum: D\u00e9bat sur l&rsquo;initiative pour une eau potable propre et l&rsquo;initiative pour une Suisse libre de pesticides de synth\u00e8se \u2013 RTS 17 mai 2021: La F\u00e9d\u00e9ration de la m\u00e9decine compl\u00e9mentaire soutient les initiatives phytos 12 mai 2021: Infrarouge: D\u00e9bat sur les initiatives contre les pesticides du 13 Juin \u2013 RTS 8 avril [&hellip;]\" \/>\n<meta property=\"og:url\" content=\"https:\/\/www.initiative-sauberes-trinkwasser.ch\/fr\/rapports-de-presse\/\" \/>\n<meta property=\"og:site_name\" content=\"Trinkwasserinitiative\" \/>\n<meta property=\"article:modified_time\" content=\"2025-05-05T15:53:16+00:00\" \/>\n<meta property=\"og:image\" content=\"https:\/\/www.initiative-sauberes-trinkwasser.ch\/wp-content\/uploads\/2020\/12\/TWI_Spenden_unterstu\u0308tzen_FB-1.png\" \/>\n\t<meta property=\"og:image:width\" content=\"3917\" \/>\n\t<meta property=\"og:image:height\" content=\"3283\" \/>\n\t<meta property=\"og:image:type\" content=\"image\/png\" \/>\n<meta name=\"twitter:card\" content=\"summary_large_image\" \/>\n<meta name=\"twitter:label1\" content=\"Dur\u00e9e de lecture estim\u00e9e\" \/>\n\t<meta name=\"twitter:data1\" content=\"1 minute\" \/>\n<script type=\"application\/ld+json\" class=\"yoast-schema-graph\">{\"@context\":\"https:\/\/schema.org\",\"@graph\":[{\"@type\":\"WebSite\",\"@id\":\"https:\/\/www.initiative-sauberes-trinkwasser.ch\/#website\",\"url\":\"https:\/\/www.initiative-sauberes-trinkwasser.ch\/\",\"name\":\"Trinkwasserinitiative\",\"description\":\"\",\"potentialAction\":[{\"@type\":\"SearchAction\",\"target\":{\"@type\":\"EntryPoint\",\"urlTemplate\":\"https:\/\/www.initiative-sauberes-trinkwasser.ch\/?s={search_term_string}\"},\"query-input\":\"required name=search_term_string\"}],\"inLanguage\":\"fr-FR\"},{\"@type\":\"WebPage\",\"@id\":\"https:\/\/www.initiative-sauberes-trinkwasser.ch\/fr\/rapports-de-presse\/\",\"url\":\"https:\/\/www.initiative-sauberes-trinkwasser.ch\/fr\/rapports-de-presse\/\",\"name\":\"Rapports de presse - Trinkwasserinitiative\",\"isPartOf\":{\"@id\":\"https:\/\/www.initiative-sauberes-trinkwasser.ch\/#website\"},\"datePublished\":\"2018-10-16T09:49:15+00:00\",\"dateModified\":\"2025-05-05T15:53:16+00:00\",\"breadcrumb\":{\"@id\":\"https:\/\/www.initiative-sauberes-trinkwasser.ch\/fr\/rapports-de-presse\/#breadcrumb\"},\"inLanguage\":\"fr-FR\",\"potentialAction\":[{\"@type\":\"ReadAction\",\"target\":[\"https:\/\/www.initiative-sauberes-trinkwasser.ch\/fr\/rapports-de-presse\/\"]}]},{\"@type\":\"BreadcrumbList\",\"@id\":\"https:\/\/www.initiative-sauberes-trinkwasser.ch\/fr\/rapports-de-presse\/#breadcrumb\",\"itemListElement\":[{\"@type\":\"ListItem\",\"position\":1,\"name\":\"Home\",\"item\":\"https:\/\/www.initiative-sauberes-trinkwasser.ch\/fr\/\"},{\"@type\":\"ListItem\",\"position\":2,\"name\":\"Rapports de presse\"}]}]}<\/script>\n<!-- \/ Yoast SEO plugin. -->","yoast_head_json":{"title":"Rapports de presse - Trinkwasserinitiative","robots":{"index":"index","follow":"follow","max-snippet":"max-snippet:-1","max-image-preview":"max-image-preview:large","max-video-preview":"max-video-preview:-1"},"canonical":"https:\/\/www.initiative-sauberes-trinkwasser.ch\/fr\/rapports-de-presse\/","og_locale":"fr_FR","og_type":"article","og_title":"Rapports de presse - Trinkwasserinitiative","og_description":"21 mai 2021: Forum: D\u00e9bat sur l&rsquo;initiative pour une eau potable propre et l&rsquo;initiative pour une Suisse libre de pesticides de synth\u00e8se \u2013 RTS 17 mai 2021: La F\u00e9d\u00e9ration de la m\u00e9decine compl\u00e9mentaire soutient les initiatives phytos 12 mai 2021: Infrarouge: D\u00e9bat sur les initiatives contre les pesticides du 13 Juin \u2013 RTS 8 avril [&hellip;]","og_url":"https:\/\/www.initiative-sauberes-trinkwasser.ch\/fr\/rapports-de-presse\/","og_site_name":"Trinkwasserinitiative","article_modified_time":"2025-05-05T15:53:16+00:00","og_image":[{"width":3917,"height":3283,"url":"https:\/\/www.initiative-sauberes-trinkwasser.ch\/wp-content\/uploads\/2020\/12\/TWI_Spenden_unterstu\u0308tzen_FB-1.png","type":"image\/png"}],"twitter_card":"summary_large_image","twitter_misc":{"Dur\u00e9e de lecture estim\u00e9e":"1 minute"},"schema":{"@context":"https:\/\/schema.org","@graph":[{"@type":"WebSite","@id":"https:\/\/www.initiative-sauberes-trinkwasser.ch\/#website","url":"https:\/\/www.initiative-sauberes-trinkwasser.ch\/","name":"Trinkwasserinitiative","description":"","potentialAction":[{"@type":"SearchAction","target":{"@type":"EntryPoint","urlTemplate":"https:\/\/www.initiative-sauberes-trinkwasser.ch\/?s={search_term_string}"},"query-input":"required name=search_term_string"}],"inLanguage":"fr-FR"},{"@type":"WebPage","@id":"https:\/\/www.initiative-sauberes-trinkwasser.ch\/fr\/rapports-de-presse\/","url":"https:\/\/www.initiative-sauberes-trinkwasser.ch\/fr\/rapports-de-presse\/","name":"Rapports de presse - Trinkwasserinitiative","isPartOf":{"@id":"https:\/\/www.initiative-sauberes-trinkwasser.ch\/#website"},"datePublished":"2018-10-16T09:49:15+00:00","dateModified":"2025-05-05T15:53:16+00:00","breadcrumb":{"@id":"https:\/\/www.initiative-sauberes-trinkwasser.ch\/fr\/rapports-de-presse\/#breadcrumb"},"inLanguage":"fr-FR","potentialAction":[{"@type":"ReadAction","target":["https:\/\/www.initiative-sauberes-trinkwasser.ch\/fr\/rapports-de-presse\/"]}]},{"@type":"BreadcrumbList","@id":"https:\/\/www.initiative-sauberes-trinkwasser.ch\/fr\/rapports-de-presse\/#breadcrumb","itemListElement":[{"@type":"ListItem","position":1,"name":"Home","item":"https:\/\/www.initiative-sauberes-trinkwasser.ch\/fr\/"},{"@type":"ListItem","position":2,"name":"Rapports de presse"}]}]}},"_links":{"self":[{"href":"https:\/\/www.initiative-sauberes-trinkwasser.ch\/fr\/wp-json\/wp\/v2\/pages\/20031"}],"collection":[{"href":"https:\/\/www.initiative-sauberes-trinkwasser.ch\/fr\/wp-json\/wp\/v2\/pages"}],"about":[{"href":"https:\/\/www.initiative-sauberes-trinkwasser.ch\/fr\/wp-json\/wp\/v2\/types\/page"}],"author":[{"embeddable":true,"href":"https:\/\/www.initiative-sauberes-trinkwasser.ch\/fr\/wp-json\/wp\/v2\/users\/5"}],"replies":[{"embeddable":true,"href":"https:\/\/www.initiative-sauberes-trinkwasser.ch\/fr\/wp-json\/wp\/v2\/comments?post=20031"}],"version-history":[{"count":13,"href":"https:\/\/www.initiative-sauberes-trinkwasser.ch\/fr\/wp-json\/wp\/v2\/pages\/20031\/revisions"}],"predecessor-version":[{"id":45630,"href":"https:\/\/www.initiative-sauberes-trinkwasser.ch\/fr\/wp-json\/wp\/v2\/pages\/20031\/revisions\/45630"}],"wp:attachment":[{"href":"https:\/\/www.initiative-sauberes-trinkwasser.ch\/fr\/wp-json\/wp\/v2\/media?parent=20031"}],"curies":[{"name":"wp","href":"https:\/\/api.w.org\/{rel}","templated":true}]}}