{"id":25495,"date":"2021-02-16T09:34:45","date_gmt":"2021-02-16T08:34:45","guid":{"rendered":"https:\/\/www.initiative-sauberes-trinkwasser.ch\/?page_id=25495"},"modified":"2025-12-22T16:52:32","modified_gmt":"2025-12-22T15:52:32","slug":"soutien","status":"publish","type":"page","link":"https:\/\/www.initiative-sauberes-trinkwasser.ch\/fr\/soutien\/","title":{"rendered":"Soutien"},"content":{"rendered":"\n<div class=\"wp-block-ugb-accordion ugb-accordion ugb-5af394c ugb-accordion--v2 ugb-accordion--design-basic ugb-accordion--single-open ugb-main-block\" aria-expanded=\"false\"><style>.ugb-5af394c .ugb-accordion__heading{background-color:#ffffff !important;border-style:solid !important;border-color:#009fe3 !important;border-top-width:3px !important;border-right-width:3px !important;border-bottom-width:3px !important;border-left-width:3px !important;padding-top:15px !important;padding-right:15px !important;padding-bottom:15px !important;padding-left:15px !important}.ugb-5af394c .ugb-accordion__heading:before{background-color:#ffffff !important}.ugb-5af394c .ugb-accordion__title{font-size:20px !important;color:#009fe3}.ugb-5af394c .ugb-accordion__arrow{width:15px !important;height:15px !important;fill:#009fe3}@media screen and (min-width:768px){.ugb-5af394c.ugb-accordion{margin-bottom:-20px !important}}<\/style><div class=\"ugb-inner-block\"><div class=\"ugb-block-content\"><div class=\"ugb-accordion__item\"><div class=\"ugb-accordion__heading\" role=\"button\" tabindex=\"0\"><h5 class=\"ugb-accordion__title\">Agriculture<\/h5><svg xmlns=\"http:\/\/www.w3.org\/2000\/svg\" viewbox=\"0 0 20 20\" class=\"ugb-accordion__arrow\" width=\"20\" height=\"20\"><path d=\"M16.7 3.3L10 10 3.3 3.4 0 6.7l10 10v-.1l10-9.9z\"><\/path><\/svg><\/div><div class=\"ugb-accordion__content\" role=\"region\"><div class=\"ugb-accordion__content-inner\">\n<p>Comit\u00e9 paysan pour une eau potable propre<br><a href=\"https:\/\/web.archive.org\/web\/20211124204150\/http:\/\/agriculteurs-eau-potable-propre.ch\/\" target=\"_blank\" rel=\"noreferrer noopener\">www.agriculteurs-eau-potable-propre.ch<\/a><\/p>\n\n\n\n<p>VISION Birchhof, Oberwil-Lieli, Biologisch-dynamischer Gem\u00fcseanbau<br><a href=\"https:\/\/www.bio-birchhof.ch\/\">www.bio-birchhof.ch<\/a><\/p>\n\n\n\n<p>Bruno Martin, Biovin, Ligerz<br><a href=\"https:\/\/web.archive.org\/web\/20250926203637\/https:\/\/www.biovin-martin.ch\/\">www.biovin-martin.ch<\/a><\/p>\n\n\n\n<p>Markus Bucher, Bio-Gem\u00fcsebaubetrieb<br><a href=\"http:\/\/www.farngut.ch\/kontakt\/\">Farngut<\/a><\/p>\n\n\n\n<p>Bioweingut Roland und Karin Lenz<br><a href=\"https:\/\/www.weingut-lenz.ch\/\">www.weingut-lenz.ch<\/a><\/p>\n\n\n\n<p>H\u00c4NNI NOFLEN, Bio-Gem\u00fcse<br><a href=\"https:\/\/web.archive.org\/web\/20250424150501\/https:\/\/www.haenni-noflen.ch\/\">www.haenni-noflen.ch<\/a><\/p>\n\n\n\n<p>J\u00fcrg Strauss<br><a href=\"https:\/\/www.bioagrikultur.bio\">www.bioagrikultur.bio<\/a><\/p>\n\n\n\n<p>Stefan Jaun<br><a href=\"http:\/\/www.joli-mont.ch\/\" target=\"_blank\" rel=\"noreferrer noopener\" class=\"broken_link\">www.joli-mont.ch<\/a><\/p>\n\n\n\n<p>Kilian Baumann<br><a href=\"http:\/\/www.suberg.ch\/\">Biohof Iselmatt<\/a><\/p>\n\n\n\n<p>David Meister<br><a href=\"http:\/\/www.steigackerhof.com\/\" target=\"_blank\" rel=\"noreferrer noopener\">www.steigackerhof.com<\/a><\/p>\n\n\n\n<p>Steeve Daenzer, Ferme de la Rosette<\/p>\n\n\n\n<p>Beat H\u00e4nni<br><a href=\"https:\/\/demeter.ch\/hoefe\/listing\/bio-hof-heimenhaus\" target=\"_blank\" rel=\"noreferrer noopener\">Biohof Heimenhaus<\/a><\/p>\n\n\n\n<p>Peter Hilfiker, Biobetrieb, Gem\u00fcse und Mutterkuhhaltung<br><a href=\"http:\/\/www.bioaktuell.ch\/fileadmin\/documents\/ba\/medienspiegel\/Medienspiegel-2012\/september-2012\/BZ_Portrait-Hilfiker_2012-09-28.pdf\">Peter Hilfiker<\/a><\/p>\n\n\n\n<p>Biohof Stauffenb\u00fchl, Simon V\u00f6geli<br><a href=\"http:\/\/www.xn--stauffenbhl-1hb.ch\/\" target=\"_blank\" rel=\"noreferrer noopener\">www.stauffenb\u00fchl.ch<\/a><\/p>\n\n\n\n<p>Fam. Raths Fuster, Biologisch-dynamischer Beeren- &amp; Obstbetrieb<br><a href=\"https:\/\/web.archive.org\/web\/20210805233147\/https:\/\/bio-beeren-obst.ch\/\">www.bio-beeren-obst.ch<\/a><\/p>\n\n\n\n<p>Karl Heuberger, Landwirt, Agronom HTL, t\u00e4tig in der Entwicklungszusammenarbeit Gabris 36, Hosenruck<br><a href=\"http:\/\/www.foerderband-gabris.ch\" target=\"_blank\" rel=\"noreferrer noopener\">www.foerderband-gabris.ch<\/a><\/p>\n\n\n\n<p><a href=\"http:\/\/www.bruderholzhof.ch\/\" target=\"_blank\" rel=\"noreferrer noopener\">Bruderholzhof<\/a>, Rina &amp; Andreas, Laura &amp; Manuel<\/p>\n\n\n\n<p>Val Nature, Bio Reb- und Obstbau, Salgesch<\/p>\n\n\n\n<p>Fritz Bolliger, Utzigen, Bio-Suisse Betrieb<br><a href=\"mailto:fbolliger@sunrise.ch\">fbolliger@sunrise.ch<\/a><\/p>\n\n\n\n<p>Solawi Halde, Altendorf, Solidarische Landwirtschaft<br><a href=\"https:\/\/www.solawi-halde.ch\/\">www.solawi-halde.ch<\/a><\/p>\n\n\n\n<p>Daniel Stamm, Apiculteur Demeter<br><a href=\"https:\/\/www.imkerkurs.ch\/\" class=\"broken_link\">www.imkerkurs.ch<\/a><\/p>\n\n\n\n<p>Vincent Kocher, Imker FA<br><a href=\"http:\/\/www.imkerei-kocher.ch\">www.imkerei-kocher.ch<\/a><\/p>\n\n\n\n<p>Permaculture Suisse<br><a href=\"http:\/\/www.permakultur.ch\/\">www.permakultur.ch<\/a><\/p>\n\n\n\n<p>Rita &amp; Kurt Huwiler Freienstein<br><a href=\"http:\/\/www.bio-lindenhof.ch\" class=\"broken_link\">www.bio-lindenhof.ch<\/a><\/p>\n\n\n\n<p>Stefan Brunner<br><a href=\"https:\/\/web.archive.org\/web\/20250907164539\/http:\/\/www.brunnereichhof.ch\/\">www.brunnereichhof.ch<\/a><\/p>\n<\/div><\/div><\/div><\/div><\/div><\/div>\n\n\n\n<div class=\"wp-block-ugb-accordion ugb-accordion ugb-208aafd ugb-accordion--v2 ugb-accordion--design-basic ugb-accordion--single-open ugb-main-block\" aria-expanded=\"false\"><style>.ugb-208aafd .ugb-accordion__heading{background-color:#ffffff !important;border-style:solid !important;border-color:#009fe3 !important;border-top-width:3px !important;border-right-width:3px !important;border-bottom-width:3px !important;border-left-width:3px !important;padding-top:15px !important;padding-right:15px !important;padding-bottom:15px !important;padding-left:15px !important}.ugb-208aafd .ugb-accordion__heading:before{background-color:#ffffff !important}.ugb-208aafd .ugb-accordion__title{font-size:20px !important;color:#009fe3}.ugb-208aafd .ugb-accordion__arrow{width:15px !important;height:15px !important;fill:#009fe3}@media screen and (min-width:768px){.ugb-208aafd.ugb-accordion{margin-bottom:-20px !important}}<\/style><div class=\"ugb-inner-block\"><div class=\"ugb-block-content\"><div class=\"ugb-accordion__item\"><div class=\"ugb-accordion__heading\" role=\"button\" tabindex=\"0\"><h5 class=\"ugb-accordion__title\">Expert\u00b7es &amp; scientifiques<\/h5><svg xmlns=\"http:\/\/www.w3.org\/2000\/svg\" viewbox=\"0 0 20 20\" class=\"ugb-accordion__arrow\" width=\"20\" height=\"20\"><path d=\"M16.7 3.3L10 10 3.3 3.4 0 6.7l10 10v-.1l10-9.9z\"><\/path><\/svg><\/div><div class=\"ugb-accordion__content\" role=\"region\"><div class=\"ugb-accordion__content-inner\">\n<p>4aqua, Comit\u00e9 d&rsquo;expert\u00b7es et scientifiques regroupant plus de 150 personnalit\u00e9s<br><a href=\"https:\/\/www.4aqua.ch\/?lang=fr\">www.4aqua.ch<\/a><\/p>\n\n\n\n<p>Arbeitsgemeinschaft Wasserwerke Bodensee-Rhein<br><a href=\"http:\/\/www.awbr.org\/\">AWBR<\/a><\/p>\n\n\n\n<p>Internationale Arbeitsgemeinschaft<br>der Wasserwerke im Rheineinzugsgebiet (IAWR)<br><a href=\"https:\/\/www.initiative-sauberes-trinkwasser.ch\/wp-content\/uploads\/2021\/02\/Medienmitteilung-IAWR-AWBR-01.02.2021.pdf\" target=\"_blank\" rel=\"noreferrer noopener\">IAWR<\/a><\/p>\n\n\n\n<p>Dr.&nbsp;med. J\u00e9r\u00f4me Tschudi, chirurgien, sp\u00e9cialiste chirurgie abdominale, Bienne<\/p>\n\n\n\n<p>Ernst Bromeis, Wasserbotschafter und Expeditionsschwimmer<br><a href=\"http:\/\/www.dasblauewunder.ch\/\">www.dasblauewunder.ch<\/a><\/p>\n\n\n\n<p>Rolf Frischknecht, v\u00e9t\u00e9rinaire<br><a href=\"http:\/\/www.rolffrischknecht.ch\/\" class=\"broken_link\">www.rolffrischknecht.ch<\/a><\/p>\n\n\n\n<p>Dr. med. A. Schmocker<br><a href=\"https:\/\/www.dr-schmocker.ch\/\">www.dr-schmocker.ch<\/a><\/p>\n\n\n\n<p>Jo\u00eblle Gut \u2013 L\u00fctzelschwab, Lic. phil. Psychotherapeutin FSP<br><a href=\"http:\/\/www.psychotherapie-be.ch\/\">www.psychotherapie-be.ch<\/a><\/p>\n<\/div><\/div><\/div><\/div><\/div><\/div>\n\n\n\n<div class=\"wp-block-ugb-accordion ugb-accordion ugb-184e961 ugb-accordion--v2 ugb-accordion--design-basic ugb-accordion--single-open ugb-main-block\" aria-expanded=\"false\"><style>.ugb-184e961 .ugb-accordion__heading{background-color:#ffffff !important;border-style:solid !important;border-color:#009fe3 !important;border-top-width:3px !important;border-right-width:3px !important;border-bottom-width:3px !important;border-left-width:3px !important;padding-top:15px !important;padding-right:15px !important;padding-bottom:15px !important;padding-left:15px !important}.ugb-184e961 .ugb-accordion__heading:before{background-color:#ffffff !important}.ugb-184e961 .ugb-accordion__title{font-size:20px !important;color:#009fe3}.ugb-184e961 .ugb-accordion__arrow{width:15px !important;height:15px !important;fill:#009fe3}@media screen and (min-width:768px){.ugb-184e961.ugb-accordion{margin-bottom:-20px !important}}<\/style><div class=\"ugb-inner-block\"><div class=\"ugb-block-content\"><div class=\"ugb-accordion__item\"><div class=\"ugb-accordion__heading\" role=\"button\" tabindex=\"0\"><h5 class=\"ugb-accordion__title\">Politique<\/h5><svg xmlns=\"http:\/\/www.w3.org\/2000\/svg\" viewbox=\"0 0 20 20\" class=\"ugb-accordion__arrow\" width=\"20\" height=\"20\"><path d=\"M16.7 3.3L10 10 3.3 3.4 0 6.7l10 10v-.1l10-9.9z\"><\/path><\/svg><\/div><div class=\"ugb-accordion__content\" role=\"region\"><div class=\"ugb-accordion__content-inner\">\n<div class=\"wp-block-columns\">\n<div class=\"wp-block-column\">\n<figure class=\"wp-block-image size-large is-style-rounded\"><a href=\"https:\/\/web.archive.org\/web\/20240304103402\/https:\/\/vertliberaux.ch\/actualites\/communiques\/mediadetail~938370ab-5e2e-49c8-8d9e-f40792a99724~Pas%20de%20r%C3%A9forme%20mais%20plus%20de%20d%C3%A9penses%20:%20le%20marchandage%20nuisible%20du%20lobby%20agricole%20et%20du%20PLR~\" target=\"_blank\" rel=\"noopener\"><img loading=\"lazy\" width=\"1024\" height=\"1024\" src=\"https:\/\/www.initiative-sauberes-trinkwasser.ch\/wp-content\/uploads\/2021\/03\/TWI_Logo_FR_Gru\u0308nliberale-1024x1024.png\" alt=\"\" class=\"wp-image-30235\" srcset=\"https:\/\/www.initiative-sauberes-trinkwasser.ch\/wp-content\/uploads\/2021\/03\/TWI_Logo_FR_Gru\u0308nliberale-1024x1024.png 1024w, https:\/\/www.initiative-sauberes-trinkwasser.ch\/wp-content\/uploads\/2021\/03\/TWI_Logo_FR_Gru\u0308nliberale-300x300.png 300w, https:\/\/www.initiative-sauberes-trinkwasser.ch\/wp-content\/uploads\/2021\/03\/TWI_Logo_FR_Gru\u0308nliberale-150x150.png 150w, https:\/\/www.initiative-sauberes-trinkwasser.ch\/wp-content\/uploads\/2021\/03\/TWI_Logo_FR_Gru\u0308nliberale-768x768.png 768w, https:\/\/www.initiative-sauberes-trinkwasser.ch\/wp-content\/uploads\/2021\/03\/TWI_Logo_FR_Gru\u0308nliberale.png 1042w\" sizes=\"(max-width: 1024px) 100vw, 1024px\" \/><\/a><\/figure>\n<\/div>\n\n\n\n<div class=\"wp-block-column\">\n<figure class=\"wp-block-image size-large is-style-rounded\"><a href=\"https:\/\/www.sp-ps.ch\/fr\" target=\"_blank\" rel=\"noopener\"><img loading=\"lazy\" width=\"1024\" height=\"1024\" src=\"https:\/\/www.initiative-sauberes-trinkwasser.ch\/wp-content\/uploads\/2021\/03\/TWI_Logo_FR_SP-1024x1024.png\" alt=\"\" class=\"wp-image-30239\" srcset=\"https:\/\/www.initiative-sauberes-trinkwasser.ch\/wp-content\/uploads\/2021\/03\/TWI_Logo_FR_SP-1024x1024.png 1024w, https:\/\/www.initiative-sauberes-trinkwasser.ch\/wp-content\/uploads\/2021\/03\/TWI_Logo_FR_SP-300x300.png 300w, https:\/\/www.initiative-sauberes-trinkwasser.ch\/wp-content\/uploads\/2021\/03\/TWI_Logo_FR_SP-150x150.png 150w, https:\/\/www.initiative-sauberes-trinkwasser.ch\/wp-content\/uploads\/2021\/03\/TWI_Logo_FR_SP-768x768.png 768w, https:\/\/www.initiative-sauberes-trinkwasser.ch\/wp-content\/uploads\/2021\/03\/TWI_Logo_FR_SP.png 1042w\" sizes=\"(max-width: 1024px) 100vw, 1024px\" \/><\/a><\/figure>\n<\/div>\n\n\n\n<div class=\"wp-block-column\">\n<figure class=\"wp-block-image size-large is-style-rounded\"><a href=\"https:\/\/verts.ch\/etiquette\/pesticides\" target=\"_blank\" rel=\"noopener\"><img loading=\"lazy\" width=\"1024\" height=\"1024\" src=\"https:\/\/www.initiative-sauberes-trinkwasser.ch\/wp-content\/uploads\/2021\/03\/TWI_Logo_FR_Gru\u0308ne-1024x1024.png\" alt=\"\" class=\"wp-image-30244\" srcset=\"https:\/\/www.initiative-sauberes-trinkwasser.ch\/wp-content\/uploads\/2021\/03\/TWI_Logo_FR_Gru\u0308ne-1024x1024.png 1024w, https:\/\/www.initiative-sauberes-trinkwasser.ch\/wp-content\/uploads\/2021\/03\/TWI_Logo_FR_Gru\u0308ne-300x300.png 300w, https:\/\/www.initiative-sauberes-trinkwasser.ch\/wp-content\/uploads\/2021\/03\/TWI_Logo_FR_Gru\u0308ne-150x150.png 150w, https:\/\/www.initiative-sauberes-trinkwasser.ch\/wp-content\/uploads\/2021\/03\/TWI_Logo_FR_Gru\u0308ne-768x768.png 768w, https:\/\/www.initiative-sauberes-trinkwasser.ch\/wp-content\/uploads\/2021\/03\/TWI_Logo_FR_Gru\u0308ne.png 1042w\" sizes=\"(max-width: 1024px) 100vw, 1024px\" \/><\/a><\/figure>\n<\/div>\n<\/div>\n\n\n\n<p>Jeunes vert-e-s<br><a href=\"https:\/\/www.jeunesverts.ch\/\" target=\"_blank\" rel=\"noreferrer noopener\">www.jeunesverts.ch<\/a><\/p>\n\n\n\n<p><a href=\"https:\/\/juso.ch\/fr\/\" target=\"_blank\" rel=\"noreferrer noopener\">JS Suisse<\/a><\/p>\n\n\n\n<p>Jurgfreisinnige Aargau, Partei<br><a href=\"https:\/\/jf-ag.ch\/\">www.jungfreisinnige.ch\/jfag<\/a><\/p>\n\n\n\n<p>PEV Suisse<br><a href=\"https:\/\/web.archive.org\/web\/20231202143939\/https:\/\/www.evppev.ch\/fr\/news\/action\/News\/detail\/artikel\/evp-sagt-ja-zum-co2-gesetz-sowie-zur-trinkwasser-und-zur-pestizidinitiative\/?noMobile=1&amp;cHash=4601cf0393befb4bfeb37ac2fe262f70\" target=\"_blank\" rel=\"noreferrer noopener\">www.evppev.ch<\/a><\/p>\n\n\n\n<p>Silvia Fr\u00f6hlicher, Kantonsr\u00e4tin<br><a href=\"https:\/\/silvia-froehlicher.ch\/\" target=\"_blank\" rel=\"noreferrer noopener\">silvia-froehlicher.ch<\/a><\/p>\n<\/div><\/div><\/div><\/div><\/div><\/div>\n\n\n\n<div class=\"wp-block-ugb-accordion ugb-accordion ugb-52ded76 ugb-accordion--v2 ugb-accordion--design-basic ugb-accordion--single-open ugb-main-block\" aria-expanded=\"false\"><style>.ugb-52ded76 .ugb-accordion__heading{background-color:#ffffff !important;border-style:solid !important;border-color:#009fe3 !important;border-top-width:3px !important;border-right-width:3px !important;border-bottom-width:3px !important;border-left-width:3px !important;padding-top:15px !important;padding-right:15px !important;padding-bottom:15px !important;padding-left:15px !important}.ugb-52ded76 .ugb-accordion__heading:before{background-color:#ffffff !important}.ugb-52ded76 .ugb-accordion__title{font-size:20px !important;color:#009fe3}.ugb-52ded76 .ugb-accordion__arrow{width:15px !important;height:15px !important;fill:#009fe3}@media screen and (min-width:768px){.ugb-52ded76.ugb-accordion{margin-bottom:-20px !important}}<\/style><div class=\"ugb-inner-block\"><div class=\"ugb-block-content\"><div class=\"ugb-accordion__item\"><div class=\"ugb-accordion__heading\" role=\"button\" tabindex=\"0\"><h5 class=\"ugb-accordion__title\">Protection de l&rsquo;environnement &amp; fa\u00eeti\u00e8res<\/h5><svg xmlns=\"http:\/\/www.w3.org\/2000\/svg\" viewbox=\"0 0 20 20\" class=\"ugb-accordion__arrow\" width=\"20\" height=\"20\"><path d=\"M16.7 3.3L10 10 3.3 3.4 0 6.7l10 10v-.1l10-9.9z\"><\/path><\/svg><\/div><div class=\"ugb-accordion__content\" role=\"region\"><div class=\"ugb-accordion__content-inner\">\n<div class=\"wp-block-columns\">\n<div class=\"wp-block-column\">\n<figure class=\"wp-block-image size-large is-style-rounded\"><a href=\"https:\/\/www.swissveg.ch\/?language=fr\" target=\"_blank\" rel=\"noopener\"><img loading=\"lazy\" width=\"1024\" height=\"1024\" src=\"https:\/\/www.initiative-sauberes-trinkwasser.ch\/wp-content\/uploads\/2021\/03\/TWI_Logo_Swissveg-1024x1024.png\" alt=\"\" class=\"wp-image-26396\" srcset=\"https:\/\/www.initiative-sauberes-trinkwasser.ch\/wp-content\/uploads\/2021\/03\/TWI_Logo_Swissveg-1024x1024.png 1024w, https:\/\/www.initiative-sauberes-trinkwasser.ch\/wp-content\/uploads\/2021\/03\/TWI_Logo_Swissveg-300x300.png 300w, https:\/\/www.initiative-sauberes-trinkwasser.ch\/wp-content\/uploads\/2021\/03\/TWI_Logo_Swissveg-150x150.png 150w, https:\/\/www.initiative-sauberes-trinkwasser.ch\/wp-content\/uploads\/2021\/03\/TWI_Logo_Swissveg-768x768.png 768w, https:\/\/www.initiative-sauberes-trinkwasser.ch\/wp-content\/uploads\/2021\/03\/TWI_Logo_Swissveg.png 1042w\" sizes=\"(max-width: 1024px) 100vw, 1024px\" \/><\/a><\/figure>\n<\/div>\n\n\n\n<div class=\"wp-block-column\">\n<figure class=\"wp-block-image size-large is-style-rounded\"><a href=\"https:\/\/web.archive.org\/web\/20241213045859\/https:\/\/sfv-fsp.ch\/fr\/home\/nouvelles\/?load=1038\" target=\"_blank\" rel=\"noopener\"><img loading=\"lazy\" width=\"1024\" height=\"1024\" src=\"https:\/\/www.initiative-sauberes-trinkwasser.ch\/wp-content\/uploads\/2021\/03\/TWI_Logo_SFV-1024x1024.png\" alt=\"\" class=\"wp-image-26288\" srcset=\"https:\/\/www.initiative-sauberes-trinkwasser.ch\/wp-content\/uploads\/2021\/03\/TWI_Logo_SFV-1024x1024.png 1024w, https:\/\/www.initiative-sauberes-trinkwasser.ch\/wp-content\/uploads\/2021\/03\/TWI_Logo_SFV-300x300.png 300w, https:\/\/www.initiative-sauberes-trinkwasser.ch\/wp-content\/uploads\/2021\/03\/TWI_Logo_SFV-150x150.png 150w, https:\/\/www.initiative-sauberes-trinkwasser.ch\/wp-content\/uploads\/2021\/03\/TWI_Logo_SFV-768x768.png 768w, https:\/\/www.initiative-sauberes-trinkwasser.ch\/wp-content\/uploads\/2021\/03\/TWI_Logo_SFV.png 1042w\" sizes=\"(max-width: 1024px) 100vw, 1024px\" \/><\/a><\/figure>\n<\/div>\n\n\n\n<div class=\"wp-block-column\">\n<figure class=\"wp-block-image size-large is-style-rounded\"><a href=\"http:\/\/www.aefu.ch\/20\/actuel\/\" target=\"_blank\" rel=\"noopener\"><img loading=\"lazy\" width=\"1024\" height=\"1024\" src=\"https:\/\/www.initiative-sauberes-trinkwasser.ch\/wp-content\/uploads\/2021\/03\/TWI_Logo_Aefu-1024x1024.png\" alt=\"\" class=\"wp-image-26188\" srcset=\"https:\/\/www.initiative-sauberes-trinkwasser.ch\/wp-content\/uploads\/2021\/03\/TWI_Logo_Aefu-1024x1024.png 1024w, https:\/\/www.initiative-sauberes-trinkwasser.ch\/wp-content\/uploads\/2021\/03\/TWI_Logo_Aefu-300x300.png 300w, https:\/\/www.initiative-sauberes-trinkwasser.ch\/wp-content\/uploads\/2021\/03\/TWI_Logo_Aefu-150x150.png 150w, https:\/\/www.initiative-sauberes-trinkwasser.ch\/wp-content\/uploads\/2021\/03\/TWI_Logo_Aefu-768x768.png 768w, https:\/\/www.initiative-sauberes-trinkwasser.ch\/wp-content\/uploads\/2021\/03\/TWI_Logo_Aefu.png 1042w\" sizes=\"(max-width: 1024px) 100vw, 1024px\" \/><\/a><\/figure>\n<\/div>\n<\/div>\n\n\n\n<div class=\"wp-block-columns\">\n<div class=\"wp-block-column\">\n<figure class=\"wp-block-image size-large is-style-rounded\"><a href=\"https:\/\/www.greenpeace.ch\/fr\/\" target=\"_blank\" rel=\"noopener\"><img loading=\"lazy\" width=\"1024\" height=\"1024\" src=\"https:\/\/www.initiative-sauberes-trinkwasser.ch\/wp-content\/uploads\/2021\/03\/TWI_Logo_Greenpeace-1024x1024.png\" alt=\"\" class=\"wp-image-26283\" srcset=\"https:\/\/www.initiative-sauberes-trinkwasser.ch\/wp-content\/uploads\/2021\/03\/TWI_Logo_Greenpeace-1024x1024.png 1024w, https:\/\/www.initiative-sauberes-trinkwasser.ch\/wp-content\/uploads\/2021\/03\/TWI_Logo_Greenpeace-300x300.png 300w, https:\/\/www.initiative-sauberes-trinkwasser.ch\/wp-content\/uploads\/2021\/03\/TWI_Logo_Greenpeace-150x150.png 150w, https:\/\/www.initiative-sauberes-trinkwasser.ch\/wp-content\/uploads\/2021\/03\/TWI_Logo_Greenpeace-768x768.png 768w, https:\/\/www.initiative-sauberes-trinkwasser.ch\/wp-content\/uploads\/2021\/03\/TWI_Logo_Greenpeace.png 1042w\" sizes=\"(max-width: 1024px) 100vw, 1024px\" \/><\/a><\/figure>\n<\/div>\n\n\n\n<div class=\"wp-block-column\">\n<figure class=\"wp-block-image size-large is-style-rounded\"><a href=\"https:\/\/www.pronatura.ch\/fr\/2019\/pro-natura-dit-oui-aux-initiatives-contre-les-pesticides\" target=\"_blank\" rel=\"noopener\"><img loading=\"lazy\" width=\"1024\" height=\"1024\" src=\"https:\/\/www.initiative-sauberes-trinkwasser.ch\/wp-content\/uploads\/2021\/03\/TWI_Logo_ProNatura-1024x1024.png\" alt=\"\" class=\"wp-image-26279\" srcset=\"https:\/\/www.initiative-sauberes-trinkwasser.ch\/wp-content\/uploads\/2021\/03\/TWI_Logo_ProNatura-1024x1024.png 1024w, https:\/\/www.initiative-sauberes-trinkwasser.ch\/wp-content\/uploads\/2021\/03\/TWI_Logo_ProNatura-300x300.png 300w, https:\/\/www.initiative-sauberes-trinkwasser.ch\/wp-content\/uploads\/2021\/03\/TWI_Logo_ProNatura-150x150.png 150w, https:\/\/www.initiative-sauberes-trinkwasser.ch\/wp-content\/uploads\/2021\/03\/TWI_Logo_ProNatura-768x768.png 768w, https:\/\/www.initiative-sauberes-trinkwasser.ch\/wp-content\/uploads\/2021\/03\/TWI_Logo_ProNatura.png 1042w\" sizes=\"(max-width: 1024px) 100vw, 1024px\" \/><\/a><\/figure>\n<\/div>\n\n\n\n<div class=\"wp-block-column\">\n<figure class=\"wp-block-image size-large is-style-rounded\"><a href=\"https:\/\/www.birdlife.ch\/fr\" target=\"_blank\" rel=\"noopener\"><img loading=\"lazy\" width=\"1024\" height=\"1024\" src=\"https:\/\/www.initiative-sauberes-trinkwasser.ch\/wp-content\/uploads\/2021\/03\/TWI_Logo_FR_BirdLife-1024x1024.png\" alt=\"\" class=\"wp-image-30251\" srcset=\"https:\/\/www.initiative-sauberes-trinkwasser.ch\/wp-content\/uploads\/2021\/03\/TWI_Logo_FR_BirdLife-1024x1024.png 1024w, https:\/\/www.initiative-sauberes-trinkwasser.ch\/wp-content\/uploads\/2021\/03\/TWI_Logo_FR_BirdLife-300x300.png 300w, https:\/\/www.initiative-sauberes-trinkwasser.ch\/wp-content\/uploads\/2021\/03\/TWI_Logo_FR_BirdLife-150x150.png 150w, https:\/\/www.initiative-sauberes-trinkwasser.ch\/wp-content\/uploads\/2021\/03\/TWI_Logo_FR_BirdLife-768x768.png 768w, https:\/\/www.initiative-sauberes-trinkwasser.ch\/wp-content\/uploads\/2021\/03\/TWI_Logo_FR_BirdLife.png 1042w\" sizes=\"(max-width: 1024px) 100vw, 1024px\" \/><\/a><\/figure>\n<\/div>\n<\/div>\n\n\n\n<div class=\"wp-block-columns\">\n<div class=\"wp-block-column\">\n<figure class=\"wp-block-image size-large is-style-rounded\"><a href=\"https:\/\/web.archive.org\/web\/20210614023628\/https:\/\/habitatdurable.ch\/3-x-oui-a-la-sauvegarde-de-nos-ressources-vitales\/\" target=\"_blank\" rel=\"noopener\"><img loading=\"lazy\" width=\"596\" height=\"230\" src=\"https:\/\/www.initiative-sauberes-trinkwasser.ch\/wp-content\/uploads\/2021\/05\/habitatdurable_logo_rgb.png\" alt=\"\" class=\"wp-image-35445\" srcset=\"https:\/\/www.initiative-sauberes-trinkwasser.ch\/wp-content\/uploads\/2021\/05\/habitatdurable_logo_rgb.png 596w, https:\/\/www.initiative-sauberes-trinkwasser.ch\/wp-content\/uploads\/2021\/05\/habitatdurable_logo_rgb-300x116.png 300w\" sizes=\"(max-width: 596px) 100vw, 596px\" \/><\/a><\/figure>\n<\/div>\n\n\n\n<div class=\"wp-block-column\">\n<figure class=\"wp-block-image size-large is-style-default\"><a href=\"https:\/\/web.archive.org\/web\/20230326193017\/http:\/\/2xoui.ch\/\" target=\"_blank\" rel=\"noopener\"><img loading=\"lazy\" width=\"1000\" height=\"285\" src=\"https:\/\/www.initiative-sauberes-trinkwasser.ch\/wp-content\/uploads\/2021\/05\/2xJA_Label_1000x285Px_F_pos2.png\" alt=\"\" class=\"wp-image-35450\" srcset=\"https:\/\/www.initiative-sauberes-trinkwasser.ch\/wp-content\/uploads\/2021\/05\/2xJA_Label_1000x285Px_F_pos2.png 1000w, https:\/\/www.initiative-sauberes-trinkwasser.ch\/wp-content\/uploads\/2021\/05\/2xJA_Label_1000x285Px_F_pos2-300x86.png 300w, https:\/\/www.initiative-sauberes-trinkwasser.ch\/wp-content\/uploads\/2021\/05\/2xJA_Label_1000x285Px_F_pos2-768x219.png 768w\" sizes=\"(max-width: 1000px) 100vw, 1000px\" \/><\/a><\/figure>\n<\/div>\n\n\n\n<div class=\"wp-block-column\">\n<figure class=\"wp-block-image size-large is-style-rounded\"><img loading=\"lazy\" width=\"1024\" height=\"316\" src=\"https:\/\/www.initiative-sauberes-trinkwasser.ch\/wp-content\/uploads\/2021\/05\/SAR_53k-1024x316.jpg\" alt=\"\" class=\"wp-image-35772\" srcset=\"https:\/\/www.initiative-sauberes-trinkwasser.ch\/wp-content\/uploads\/2021\/05\/SAR_53k-1024x316.jpg 1024w, https:\/\/www.initiative-sauberes-trinkwasser.ch\/wp-content\/uploads\/2021\/05\/SAR_53k-300x92.jpg 300w, https:\/\/www.initiative-sauberes-trinkwasser.ch\/wp-content\/uploads\/2021\/05\/SAR_53k-768x237.jpg 768w, https:\/\/www.initiative-sauberes-trinkwasser.ch\/wp-content\/uploads\/2021\/05\/SAR_53k-1536x473.jpg 1536w, https:\/\/www.initiative-sauberes-trinkwasser.ch\/wp-content\/uploads\/2021\/05\/SAR_53k-1200x370.jpg 1200w, https:\/\/www.initiative-sauberes-trinkwasser.ch\/wp-content\/uploads\/2021\/05\/SAR_53k.jpg 1580w\" sizes=\"(max-width: 1024px) 100vw, 1024px\" \/><\/figure>\n<\/div>\n<\/div>\n\n\n\n<p>Aqua Viva, die Gew\u00e4sserschutzorganisation der Schweiz<br><a href=\"https:\/\/web.archive.org\/web\/20251007013506\/http:\/\/www.aquaviva.ch\/\">www.aquaviva.ch<\/a><\/p>\n\n\n\n<p>Aargauischer Fischereiverband<br><a href=\"http:\/\/aarg-fischereiverband.ch\/sauberes-wasser-fuer-alle\/\">www.aarg-fischereiverband.ch<\/a><\/p>\n\n\n\n<p>Bern bleibt gr\u00fcn<br>www.bernbleibtgruen.ch<\/p>\n<\/div><\/div><\/div><\/div><\/div><\/div>\n\n\n\n<div class=\"wp-block-ugb-accordion ugb-accordion ugb-3f7f3c9 ugb-accordion--v2 ugb-accordion--design-basic ugb-accordion--single-open ugb-main-block\" aria-expanded=\"false\"><style>.ugb-3f7f3c9 .ugb-accordion__heading{background-color:#ffffff !important;border-style:solid !important;border-color:#009fe3 !important;border-top-width:3px !important;border-right-width:3px !important;border-bottom-width:3px !important;border-left-width:3px !important;padding-top:15px !important;padding-right:15px !important;padding-bottom:15px !important;padding-left:15px !important}.ugb-3f7f3c9 .ugb-accordion__heading:before{background-color:#ffffff !important}.ugb-3f7f3c9 .ugb-accordion__title{font-size:20px !important;color:#009fe3}.ugb-3f7f3c9 .ugb-accordion__arrow{width:15px !important;height:15px !important;fill:#009fe3}@media screen and (min-width:768px){.ugb-3f7f3c9.ugb-accordion{margin-bottom:-20px !important}}<\/style><div class=\"ugb-inner-block\"><div class=\"ugb-block-content\"><div class=\"ugb-accordion__item\"><div class=\"ugb-accordion__heading\" role=\"button\" tabindex=\"0\"><h5 class=\"ugb-accordion__title\">Protection des animaux<\/h5><svg xmlns=\"http:\/\/www.w3.org\/2000\/svg\" viewbox=\"0 0 20 20\" class=\"ugb-accordion__arrow\" width=\"20\" height=\"20\"><path d=\"M16.7 3.3L10 10 3.3 3.4 0 6.7l10 10v-.1l10-9.9z\"><\/path><\/svg><\/div><div class=\"ugb-accordion__content\" role=\"region\"><div class=\"ugb-accordion__content-inner\">\n<p>Protection suisse des animaux PSA<br><a href=\"https:\/\/web.archive.org\/web\/20240719001159\/https:\/\/www.tierschutz.com\/media\/stellungn\/pdf\/sts_position_trinkwasserinitiative.pdf\" target=\"_blank\" rel=\"noreferrer noopener\">www.tierschutz.ch<\/a><\/p>\n\n\n\n<p>Dachverband Berner Tierschutzorganisationen<br><a href=\"http:\/\/www.tierschutzkantonbern.ch\/?page_id=2\">www.tierschutzkantonbern.ch<\/a><\/p>\n\n\n\n<p>tier-im-fokus, organisation pour les droits des animaux<br><a href=\"http:\/\/www.tier-im-fokus.ch\/\">www.tier-im-fokus.ch<\/a><\/p>\n\n\n\n<p>AGSTG &#8211; Aktionsgemeinschaft Schweizer Tierversuchsgegner<br><a href=\"https:\/\/web.archive.org\/web\/20230323030604\/https:\/\/www.agstg.ch\/\">www.agstg.ch<\/a><\/p>\n\n\n\n<p>NetAP, organisation de protection animale<br><a href=\"https:\/\/www.netap.ch\/fr\/\">www.netap.ch<\/a><\/p>\n\n\n\n<p><a href=\"https:\/\/www.quatre-pattes.ch\/\" target=\"_blank\" rel=\"noreferrer noopener\">QUATRE PATTES<\/a> Protection des animaux<\/p>\n\n\n\n<p>LSCV &#8211; Ligue Suisse contre l\u2019exp\u00e9rimentation animale et pour les droits des animaux<br><a href=\"http:\/\/www.lscv.ch\/\">www.lscv.ch<\/a><\/p>\n\n\n\n<p>Verein Treffpunkt Tier-Mensch, bietet Tieren einen Lebensplatz<br><a href=\"http:\/\/treffpunkttiermensch.ch\/\" class=\"broken_link\">www.treffpunkttiermensch.ch<\/a><\/p>\n<\/div><\/div><\/div><\/div><\/div><\/div>\n\n\n\n<div class=\"wp-block-ugb-accordion ugb-accordion ugb-f354afc ugb-accordion--v2 ugb-accordion--design-basic ugb-accordion--single-open ugb-main-block\" aria-expanded=\"false\"><style>.ugb-f354afc .ugb-accordion__heading{background-color:#ffffff !important;border-style:solid !important;border-color:#009fe3 !important;border-top-width:3px !important;border-right-width:3px !important;border-bottom-width:3px !important;border-left-width:3px !important;padding-top:15px !important;padding-right:15px !important;padding-bottom:15px !important;padding-left:15px !important}.ugb-f354afc .ugb-accordion__heading:before{background-color:#ffffff !important}.ugb-f354afc .ugb-accordion__title{font-size:20px !important;color:#009fe3}.ugb-f354afc .ugb-accordion__arrow{width:15px !important;height:15px !important;fill:#009fe3}@media screen and (min-width:768px){.ugb-f354afc.ugb-accordion{margin-bottom:-20px !important}}<\/style><div class=\"ugb-inner-block\"><div class=\"ugb-block-content\"><div class=\"ugb-accordion__item\"><div class=\"ugb-accordion__heading\" role=\"button\" tabindex=\"0\"><h5 class=\"ugb-accordion__title\">Entreprises, personnalit\u00e9s &amp; associations<\/h5><svg xmlns=\"http:\/\/www.w3.org\/2000\/svg\" viewbox=\"0 0 20 20\" class=\"ugb-accordion__arrow\" width=\"20\" height=\"20\"><path d=\"M16.7 3.3L10 10 3.3 3.4 0 6.7l10 10v-.1l10-9.9z\"><\/path><\/svg><\/div><div class=\"ugb-accordion__content\" role=\"region\"><div class=\"ugb-accordion__content-inner\">\n<p>Delinat AG, vins bio<br><a href=\"https:\/\/www.delinat.com\/\">www.delinat.com<\/a><\/p>\n\n\n\n<p>Fredy Hiestand<br><a href=\"http:\/\/www.fredys.ch\/de\/\">Fredy&rsquo;s Backwaren<\/a><\/p>\n\n\n\n<p><a href=\"https:\/\/www.spiessverpackung.ch\/\" target=\"_blank\" rel=\"noreferrer noopener\">Spiess Verpackungs-Service AG<\/a><\/p>\n\n\n\n<p>Andergarten Schw\u00e4rzler Stefan, Gartenbau<br><a href=\"https:\/\/www.andergarten.be\/\" target=\"_blank\" rel=\"noreferrer noopener\">www.andergarten.be<\/a><\/p>\n\n\n\n<p>Patrick Haas, Gartenbauunternehmer und Gew\u00e4sserwart<br><a href=\"http:\/\/www.gartenhaas.ch\/\" target=\"_blank\" rel=\"noreferrer noopener\">www.gartenhaas.ch<\/a><\/p>\n\n\n\n<p>Tatraum, AG f\u00fcr Kultur, Raum und Produktion<br><a href=\"http:\/\/bahnstrasse44.ch\/kontakt\/\" target=\"_blank\" rel=\"noreferrer noopener\">bahnstrasse44.ch<\/a><\/p>\n\n\n\n<p>Sandra Carina Imhof, Spezialistin f\u00fcr Nat\u00fcrliches Wassermanagement<br><a href=\"https:\/\/www.water4.earth\/\" target=\"_blank\" rel=\"noreferrer noopener\">www.water4.earth<\/a><\/p>\n\n\n\n<p>Brache Guggach, Freiraum f\u00fcrs Quartier<br><a href=\"https:\/\/web.archive.org\/web\/20211221071929\/https:\/\/www.bracheguggach.ch\/\" target=\"_blank\" rel=\"noreferrer noopener\">www.bracheguggach.ch<\/a><\/p>\n\n\n\n<p>Thomas Uebelhart, Naturgarten<br><a href=\"https:\/\/web.archive.org\/web\/20240418193918\/https:\/\/www.uebelhartnaturgarten.ch\/\" target=\"_blank\" rel=\"noreferrer noopener\">www.uebelhartnaturgarten.ch<\/a><\/p>\n\n\n\n<p>Linard Bardill, Musiker und Kolumnist<br><a href=\"https:\/\/bardill.ch\/blog\/die-grosse-chance.html\" target=\"_blank\" rel=\"noreferrer noopener\">www.bardill.ch<\/a><\/p>\n\n\n\n<p>Lucien Willemin<br><a href=\"http:\/\/www.lucien.lu\/tu-parles-charles\" target=\"_blank\" rel=\"noreferrer noopener\">www.lucien.lu\/tu-parles-charles<\/a><\/p>\n\n\n\n<p>Sabine Kl\u00e4ntschi und Regula Weber<br><a href=\"https:\/\/www.purpurtage.com\/\" target=\"_blank\" rel=\"noreferrer noopener\">www.purpurtage.com<\/a><\/p>\n\n\n\n<p>Michael Dieterle<br><a href=\"http:\/\/natur-pflege.ch\/\" target=\"_blank\" rel=\"noreferrer noopener\">natur-pflege.ch<\/a><\/p>\n\n\n\n<p>Naturladen, Haus zur Glocke, Heiden<br><a href=\"http:\/\/www.bionat.ch\/\" target=\"_blank\" rel=\"noreferrer noopener\">www.bionat.ch<\/a><\/p>\n\n\n\n<p>Bio im Zentrum, Schlieren ZH, Bioladen<br><a href=\"https:\/\/web.archive.org\/web\/20210614020954\/http:\/\/www.bioimzentrum.ch\/\" target=\"_blank\" rel=\"noreferrer noopener\">www.bioimzentrum.ch<\/a><\/p>\n\n\n\n<p>bambus Fairtrade Bioladen, Regensdorf<br><a href=\"http:\/\/bambus-fairtrade.ch\/\" target=\"_blank\" rel=\"noreferrer noopener\">www.bambus-fairtrade.ch<\/a><\/p>\n\n\n\n<p>Rohkosth\u00fcsli Schmid, Freienstein-Teufen<br><a href=\"https:\/\/web.archive.org\/web\/20230928181548\/https:\/\/www.rohkost-huesli.ch\" target=\"_blank\" rel=\"noreferrer noopener\">www.rohkost-huesli.ch<\/a><\/p>\n\n\n\n<p>tofulino, Winterthur, Veganer take away<br><a href=\"https:\/\/web.archive.org\/web\/20180811212716\/https:\/\/www.tofulino.ch\/\" target=\"_blank\" rel=\"noreferrer noopener\">www.tofulino.ch<\/a><\/p>\n<\/div><\/div><\/div><\/div><\/div><\/div>\n\n\n\n<div style=\"height:28px\" aria-hidden=\"true\" class=\"wp-block-spacer\"><\/div>\n","protected":false},"excerpt":{"rendered":"<p>Comit\u00e9 paysan pour une eau potable proprewww.agriculteurs-eau-potable-propre.ch VISION Birchhof, Oberwil-Lieli, Biologisch-dynamischer Gem\u00fcseanbauwww.bio-birchhof.ch Bruno Martin, Biovin, Ligerzwww.biovin-martin.ch Markus Bucher, Bio-Gem\u00fcsebaubetriebFarngut Bioweingut Roland und Karin Lenzwww.weingut-lenz.ch H\u00c4NNI NOFLEN, Bio-Gem\u00fcsewww.haenni-noflen.ch J\u00fcrg Strausswww.bioagrikultur.bio Stefan Jaunwww.joli-mont.ch Kilian BaumannBiohof Iselmatt David Meisterwww.steigackerhof.com Steeve Daenzer, Ferme de la Rosette Beat H\u00e4nniBiohof Heimenhaus Peter Hilfiker, Biobetrieb, Gem\u00fcse und MutterkuhhaltungPeter Hilfiker Biohof Stauffenb\u00fchl, Simon [&hellip;]<\/p>\n","protected":false},"author":7,"featured_media":0,"parent":0,"menu_order":0,"comment_status":"closed","ping_status":"closed","template":"","meta":{"inline_featured_image":false},"acf":[],"featured_image_urls":{"full":"","thumbnail":"","medium":"","medium_large":"","large":"","1536x1536":"","2048x2048":"","post-thumbnail":"","twentytwenty-fullscreen":""},"post_excerpt_stackable":"<p>Agriculture Comit\u00e9 paysan pour une eau potable proprewww.agriculteurs-eau-potable-propre.ch VISION Birchhof, Oberwil-Lieli, Biologisch-dynamischer Gem\u00fcseanbauwww.bio-birchhof.ch Bruno Martin, Biovin, Ligerzwww.biovin-martin.ch Markus Bucher, Bio-Gem\u00fcsebaubetriebFarngut Bioweingut Roland und Karin Lenzwww.weingut-lenz.ch H\u00c4NNI NOFLEN, Bio-Gem\u00fcsewww.haenni-noflen.ch J\u00fcrg Strausswww.bioagrikultur.bio Stefan Jaunwww.joli-mont.ch Kilian BaumannBiohof Iselmatt David Meisterwww.steigackerhof.com Steeve Daenzer, Ferme de la Rosette Beat H\u00e4nniBiohof Heimenhaus Peter Hilfiker, Biobetrieb, Gem\u00fcse und MutterkuhhaltungPeter Hilfiker Biohof Stauffenb\u00fchl, Simon V\u00f6geliwww.stauffenb\u00fchl.ch Fam. Raths Fuster, Biologisch-dynamischer Beeren- &amp; Obstbetriebwww.bio-beeren-obst.ch Karl Heuberger, Landwirt, Agronom HTL, t\u00e4tig in der Entwicklungszusammenarbeit Gabris 36, Hosenruckwww.foerderband-gabris.ch Bruderholzhof, Rina &amp; Andreas, Laura &amp; Manuel Val Nature, Bio Reb- und Obstbau, Salgesch Fritz Bolliger, Utzigen, Bio-Suisse Betriebfbolliger@sunrise.ch Solawi Halde, Altendorf, Solidarische Landwirtschaftwww.solawi-halde.ch\u2026<\/p>\n","category_list":"","author_info":{"name":"Fabian Gyr","url":"https:\/\/www.initiative-sauberes-trinkwasser.ch\/fr\/author\/fabian-gyr\/"},"comments_num":"0 commentaire","featured_image_urls_v2":{"full":"","thumbnail":"","medium":"","medium_large":"","large":"","1536x1536":"","2048x2048":"","post-thumbnail":"","twentytwenty-fullscreen":""},"post_excerpt_stackable_v2":"<p>Agriculture Comit\u00e9 paysan pour une eau potable proprewww.agriculteurs-eau-potable-propre.ch VISION Birchhof, Oberwil-Lieli, Biologisch-dynamischer Gem\u00fcseanbauwww.bio-birchhof.ch Bruno Martin, Biovin, Ligerzwww.biovin-martin.ch Markus Bucher, Bio-Gem\u00fcsebaubetriebFarngut Bioweingut Roland und Karin Lenzwww.weingut-lenz.ch H\u00c4NNI NOFLEN, Bio-Gem\u00fcsewww.haenni-noflen.ch J\u00fcrg Strausswww.bioagrikultur.bio Stefan Jaunwww.joli-mont.ch Kilian BaumannBiohof Iselmatt David Meisterwww.steigackerhof.com Steeve Daenzer, Ferme de la Rosette Beat H\u00e4nniBiohof Heimenhaus Peter Hilfiker, Biobetrieb, Gem\u00fcse und MutterkuhhaltungPeter Hilfiker Biohof Stauffenb\u00fchl, Simon V\u00f6geliwww.stauffenb\u00fchl.ch Fam. Raths Fuster, Biologisch-dynamischer Beeren- &amp; Obstbetriebwww.bio-beeren-obst.ch Karl Heuberger, Landwirt, Agronom HTL, t\u00e4tig in der Entwicklungszusammenarbeit Gabris 36, Hosenruckwww.foerderband-gabris.ch Bruderholzhof, Rina &amp; Andreas, Laura &amp; Manuel Val Nature, Bio Reb- und Obstbau, Salgesch Fritz Bolliger, Utzigen, Bio-Suisse Betriebfbolliger@sunrise.ch Solawi Halde, Altendorf, Solidarische Landwirtschaftwww.solawi-halde.ch\u2026<\/p>\n","category_list_v2":"","author_info_v2":{"name":"Fabian Gyr","url":"https:\/\/www.initiative-sauberes-trinkwasser.ch\/fr\/author\/fabian-gyr\/"},"comments_num_v2":"0 commentaire","yoast_head":"<!-- This site is optimized with the Yoast SEO plugin v19.4 - https:\/\/yoast.com\/wordpress\/plugins\/seo\/ -->\n<title>Soutien - Initiative pour une eau potable propre<\/title>\n<meta name=\"robots\" content=\"index, follow, max-snippet:-1, max-image-preview:large, max-video-preview:-1\" \/>\n<link rel=\"canonical\" href=\"https:\/\/www.initiative-sauberes-trinkwasser.ch\/fr\/soutien\/\" \/>\n<meta property=\"og:locale\" content=\"fr_FR\" \/>\n<meta property=\"og:type\" content=\"article\" \/>\n<meta property=\"og:title\" content=\"Soutien - Initiative pour une eau potable propre\" \/>\n<meta property=\"og:description\" content=\"Comit\u00e9 paysan pour une eau potable proprewww.agriculteurs-eau-potable-propre.ch VISION Birchhof, Oberwil-Lieli, Biologisch-dynamischer Gem\u00fcseanbauwww.bio-birchhof.ch Bruno Martin, Biovin, Ligerzwww.biovin-martin.ch Markus Bucher, Bio-Gem\u00fcsebaubetriebFarngut Bioweingut Roland und Karin Lenzwww.weingut-lenz.ch H\u00c4NNI NOFLEN, Bio-Gem\u00fcsewww.haenni-noflen.ch J\u00fcrg Strausswww.bioagrikultur.bio Stefan Jaunwww.joli-mont.ch Kilian BaumannBiohof Iselmatt David Meisterwww.steigackerhof.com Steeve Daenzer, Ferme de la Rosette Beat H\u00e4nniBiohof Heimenhaus Peter Hilfiker, Biobetrieb, Gem\u00fcse und MutterkuhhaltungPeter Hilfiker Biohof Stauffenb\u00fchl, Simon [&hellip;]\" \/>\n<meta property=\"og:url\" content=\"https:\/\/www.initiative-sauberes-trinkwasser.ch\/fr\/soutien\/\" \/>\n<meta property=\"og:site_name\" content=\"Trinkwasserinitiative\" \/>\n<meta property=\"article:modified_time\" content=\"2025-12-22T15:52:32+00:00\" \/>\n<meta property=\"og:image\" content=\"https:\/\/www.initiative-sauberes-trinkwasser.ch\/wp-content\/uploads\/2021\/03\/TWI_Logo_FR_SP-1024x1024.png\" \/>\n<meta name=\"twitter:card\" content=\"summary_large_image\" \/>\n<meta name=\"twitter:label1\" content=\"Dur\u00e9e de lecture estim\u00e9e\" \/>\n\t<meta name=\"twitter:data1\" content=\"6 minutes\" \/>\n<script type=\"application\/ld+json\" class=\"yoast-schema-graph\">{\"@context\":\"https:\/\/schema.org\",\"@graph\":[{\"@type\":\"WebSite\",\"@id\":\"https:\/\/www.initiative-sauberes-trinkwasser.ch\/#website\",\"url\":\"https:\/\/www.initiative-sauberes-trinkwasser.ch\/\",\"name\":\"Trinkwasserinitiative\",\"description\":\"\",\"potentialAction\":[{\"@type\":\"SearchAction\",\"target\":{\"@type\":\"EntryPoint\",\"urlTemplate\":\"https:\/\/www.initiative-sauberes-trinkwasser.ch\/?s={search_term_string}\"},\"query-input\":\"required name=search_term_string\"}],\"inLanguage\":\"fr-FR\"},{\"@type\":\"WebPage\",\"@id\":\"https:\/\/www.initiative-sauberes-trinkwasser.ch\/fr\/soutien\/\",\"url\":\"https:\/\/www.initiative-sauberes-trinkwasser.ch\/fr\/soutien\/\",\"name\":\"Soutien - Initiative pour une eau potable propre\",\"isPartOf\":{\"@id\":\"https:\/\/www.initiative-sauberes-trinkwasser.ch\/#website\"},\"datePublished\":\"2021-02-16T08:34:45+00:00\",\"dateModified\":\"2025-12-22T15:52:32+00:00\",\"breadcrumb\":{\"@id\":\"https:\/\/www.initiative-sauberes-trinkwasser.ch\/fr\/soutien\/#breadcrumb\"},\"inLanguage\":\"fr-FR\",\"potentialAction\":[{\"@type\":\"ReadAction\",\"target\":[\"https:\/\/www.initiative-sauberes-trinkwasser.ch\/fr\/soutien\/\"]}]},{\"@type\":\"BreadcrumbList\",\"@id\":\"https:\/\/www.initiative-sauberes-trinkwasser.ch\/fr\/soutien\/#breadcrumb\",\"itemListElement\":[{\"@type\":\"ListItem\",\"position\":1,\"name\":\"Home\",\"item\":\"https:\/\/www.initiative-sauberes-trinkwasser.ch\/fr\/\"},{\"@type\":\"ListItem\",\"position\":2,\"name\":\"Soutien\"}]}]}<\/script>\n<!-- \/ Yoast SEO plugin. -->","yoast_head_json":{"title":"Soutien - Initiative pour une eau potable propre","robots":{"index":"index","follow":"follow","max-snippet":"max-snippet:-1","max-image-preview":"max-image-preview:large","max-video-preview":"max-video-preview:-1"},"canonical":"https:\/\/www.initiative-sauberes-trinkwasser.ch\/fr\/soutien\/","og_locale":"fr_FR","og_type":"article","og_title":"Soutien - Initiative pour une eau potable propre","og_description":"Comit\u00e9 paysan pour une eau potable proprewww.agriculteurs-eau-potable-propre.ch VISION Birchhof, Oberwil-Lieli, Biologisch-dynamischer Gem\u00fcseanbauwww.bio-birchhof.ch Bruno Martin, Biovin, Ligerzwww.biovin-martin.ch Markus Bucher, Bio-Gem\u00fcsebaubetriebFarngut Bioweingut Roland und Karin Lenzwww.weingut-lenz.ch H\u00c4NNI NOFLEN, Bio-Gem\u00fcsewww.haenni-noflen.ch J\u00fcrg Strausswww.bioagrikultur.bio Stefan Jaunwww.joli-mont.ch Kilian BaumannBiohof Iselmatt David Meisterwww.steigackerhof.com Steeve Daenzer, Ferme de la Rosette Beat H\u00e4nniBiohof Heimenhaus Peter Hilfiker, Biobetrieb, Gem\u00fcse und MutterkuhhaltungPeter Hilfiker Biohof Stauffenb\u00fchl, Simon [&hellip;]","og_url":"https:\/\/www.initiative-sauberes-trinkwasser.ch\/fr\/soutien\/","og_site_name":"Trinkwasserinitiative","article_modified_time":"2025-12-22T15:52:32+00:00","og_image":[{"url":"https:\/\/www.initiative-sauberes-trinkwasser.ch\/wp-content\/uploads\/2021\/03\/TWI_Logo_FR_SP-1024x1024.png"}],"twitter_card":"summary_large_image","twitter_misc":{"Dur\u00e9e de lecture estim\u00e9e":"6 minutes"},"schema":{"@context":"https:\/\/schema.org","@graph":[{"@type":"WebSite","@id":"https:\/\/www.initiative-sauberes-trinkwasser.ch\/#website","url":"https:\/\/www.initiative-sauberes-trinkwasser.ch\/","name":"Trinkwasserinitiative","description":"","potentialAction":[{"@type":"SearchAction","target":{"@type":"EntryPoint","urlTemplate":"https:\/\/www.initiative-sauberes-trinkwasser.ch\/?s={search_term_string}"},"query-input":"required name=search_term_string"}],"inLanguage":"fr-FR"},{"@type":"WebPage","@id":"https:\/\/www.initiative-sauberes-trinkwasser.ch\/fr\/soutien\/","url":"https:\/\/www.initiative-sauberes-trinkwasser.ch\/fr\/soutien\/","name":"Soutien - Initiative pour une eau potable propre","isPartOf":{"@id":"https:\/\/www.initiative-sauberes-trinkwasser.ch\/#website"},"datePublished":"2021-02-16T08:34:45+00:00","dateModified":"2025-12-22T15:52:32+00:00","breadcrumb":{"@id":"https:\/\/www.initiative-sauberes-trinkwasser.ch\/fr\/soutien\/#breadcrumb"},"inLanguage":"fr-FR","potentialAction":[{"@type":"ReadAction","target":["https:\/\/www.initiative-sauberes-trinkwasser.ch\/fr\/soutien\/"]}]},{"@type":"BreadcrumbList","@id":"https:\/\/www.initiative-sauberes-trinkwasser.ch\/fr\/soutien\/#breadcrumb","itemListElement":[{"@type":"ListItem","position":1,"name":"Home","item":"https:\/\/www.initiative-sauberes-trinkwasser.ch\/fr\/"},{"@type":"ListItem","position":2,"name":"Soutien"}]}]}},"_links":{"self":[{"href":"https:\/\/www.initiative-sauberes-trinkwasser.ch\/fr\/wp-json\/wp\/v2\/pages\/25495"}],"collection":[{"href":"https:\/\/www.initiative-sauberes-trinkwasser.ch\/fr\/wp-json\/wp\/v2\/pages"}],"about":[{"href":"https:\/\/www.initiative-sauberes-trinkwasser.ch\/fr\/wp-json\/wp\/v2\/types\/page"}],"author":[{"embeddable":true,"href":"https:\/\/www.initiative-sauberes-trinkwasser.ch\/fr\/wp-json\/wp\/v2\/users\/7"}],"replies":[{"embeddable":true,"href":"https:\/\/www.initiative-sauberes-trinkwasser.ch\/fr\/wp-json\/wp\/v2\/comments?post=25495"}],"version-history":[{"count":47,"href":"https:\/\/www.initiative-sauberes-trinkwasser.ch\/fr\/wp-json\/wp\/v2\/pages\/25495\/revisions"}],"predecessor-version":[{"id":45734,"href":"https:\/\/www.initiative-sauberes-trinkwasser.ch\/fr\/wp-json\/wp\/v2\/pages\/25495\/revisions\/45734"}],"wp:attachment":[{"href":"https:\/\/www.initiative-sauberes-trinkwasser.ch\/fr\/wp-json\/wp\/v2\/media?parent=25495"}],"curies":[{"name":"wp","href":"https:\/\/api.w.org\/{rel}","templated":true}]}}