{"id":20057,"date":"2017-04-27T18:38:38","date_gmt":"2017-04-27T16:38:38","guid":{"rendered":"https:\/\/www.initiative-sauberes-trinkwasser.ch\/supporti\/"},"modified":"2026-01-15T14:39:56","modified_gmt":"2026-01-15T13:39:56","slug":"supporti","status":"publish","type":"page","link":"https:\/\/www.initiative-sauberes-trinkwasser.ch\/it\/supporti\/","title":{"rendered":"Supporti"},"content":{"rendered":"\n<p>Il nostro interesse \u00e8 supportato da:<\/p>\n\n\n\n<p>4aqua, Gruppo di esperti e scienziati<br><a href=\"https:\/\/www.4aqua.ch\/?lang=it\" target=\"_blank\" rel=\"noreferrer noopener\">www.4aqua.ch<\/a><\/p>\n\n\n\n<p>Delinat AG, Bioweine<br><a href=\"https:\/\/www.delinat.com\/\" target=\"_blank\" rel=\"noreferrer noopener\">www.delinat.com<\/a><\/p>\n\n\n\n<p>Fredy Hiestand<br><a href=\"http:\/\/www.fredys.ch\/de\/\" target=\"_blank\" rel=\"noreferrer noopener\">Fredy&#8217;s Backwaren<\/a><\/p>\n\n\n\n<p>Greenpeace Svizzera<br><a href=\"https:\/\/www.greenpeace.ch\/\" target=\"_blank\" rel=\"noreferrer noopener\">www.greenpeace.ch<\/a><\/p>\n\n\n\n<p>Federazione Svizzera di Pesca<br><a href=\"https:\/\/web.archive.org\/web\/20241107085322\/https:\/\/sfv-fsp.ch\/it\/home\/\" target=\"_blank\" rel=\"noreferrer noopener\">www.sfv-fsp.ch<\/a><\/p>\n\n\n\n<p>pro natura<br><a href=\"https:\/\/www.pronatura.ch\/fr\/pro-natura-dit-oui-aux-initiatives-contre-les-pesticides\" target=\"_blank\" rel=\"noreferrer noopener\">www.pronatura.ch<\/a><\/p>\n\n\n\n<p>Verdi liberali Svizzera<\/p>\n\n\n<p>I VERDI<br><a href=\"https:\/\/verditicino.ch\/\" target=\"_blank\" rel=\"noopener noreferrer\">i-verdi.ti<\/a><\/p>\n<p>Jeunes vert-e-s<br><a href=\"https:\/\/www.jeunesverts.ch\/ti\" target=\"_blank\" rel=\"noopener noreferrer\">jeunesverts.ti<\/a><\/p>\n<p><a href=\"http:\/\/ps-ticino.ch\/\" target=\"_blank\" rel=\"noopener\">PS Svizzero<\/a><\/p>\n<p><a href=\"https:\/\/juso.ch\/it\/\" target=\"_blank\" rel=\"noopener\">GISO Svizzera<\/a><\/p>\n\n\n<p>Jurgfreisinnige Aargau, Partei<br><a href=\"https:\/\/jf-ag.ch\" target=\"_blank\" rel=\"noreferrer noopener\">www.jungfreisinnige.ch\/jfag<\/a><\/p>\n\n\n\n<p>Arbeitsgemeinschaft Wasserwerke Bodensee-Rhein<br><a href=\"http:\/\/www.awbr.org\/\" target=\"_blank\" rel=\"noreferrer noopener\">AWBR<\/a><\/p>\n\n\n\n<p>Aqua Viva, die Gew\u00e4sserschutzorganisation der Schweiz<br><a href=\"https:\/\/web.archive.org\/web\/20251007013506\/http:\/\/www.aquaviva.ch\/\" target=\"_blank\" rel=\"noreferrer noopener\">www.aquaviva.ch<\/a><\/p>\n\n\n\n<p>Medici per l\u2019Ambiente (MpA)<br><a href=\"http:\/\/www.aefu.ch\/themen\/\" target=\"_blank\" rel=\"noreferrer noopener\">www.aefu.ch<\/a><\/p>\n\n\n\n<p>Swissveg, Per gli animali, l&#8217;ambiente et la salute<br><a href=\"http:\/\/www.swissveg.ch\/\" target=\"_blank\" rel=\"noreferrer noopener\">www.swissveg.ch<\/a><\/p>\n\n\n\n<p>Aargauischer Fischereiverband<br><a href=\"http:\/\/aarg-fischereiverband.ch\/sauberes-wasser-fuer-alle\/\" target=\"_blank\" rel=\"noreferrer noopener\">www.aarg-fischereiverband.ch<\/a><\/p>\n\n\n\n<p>VISION Birchhof, Biologisch-dynamischer Gem\u00fcseanbau<br><a href=\"https:\/\/www.bio-birchhof.ch\/\" target=\"_blank\" rel=\"noreferrer noopener\">www.bio-birchhof.ch<\/a><\/p>\n\n\n\n<p>Bruno Martin, Biovin, Ligerz<br><a href=\"https:\/\/web.archive.org\/web\/20250926203637\/https:\/\/www.biovin-martin.ch\/\" target=\"_blank\" rel=\"noreferrer noopener\">www.biovin-martin.ch<\/a><\/p>\n\n\n\n<p>Markus Bucher, Bio-Gem\u00fcsebaubetrieb<br><a href=\"http:\/\/www.farngut.ch\/kontakt\/\" target=\"_blank\" rel=\"noreferrer noopener\">Farngut<\/a><\/p>\n\n\n\n<p>Bioweingut Roland und Karin Lenz<br><a href=\"https:\/\/www.weingut-lenz.ch\/\" target=\"_blank\" rel=\"noreferrer noopener\">www.weingut-lenz.ch<\/a><\/p>\n\n\n\n<p>H\u00c4NNI NOFLEN, Bio-Gem\u00fcse<br><a href=\"https:\/\/web.archive.org\/web\/20250424150501\/https:\/\/www.haenni-noflen.ch\/\" target=\"_blank\" rel=\"noreferrer noopener\">www.haenni-noflen.ch<\/a><\/p>\n\n\n\n<p>Stefan Brunner<br><a href=\"https:\/\/web.archive.org\/web\/20250907164539\/http:\/\/www.brunnereichhof.ch\/\" target=\"_blank\" rel=\"noreferrer noopener\">www.brunnereichhof.ch<\/a><\/p>\n\n\n\n<p>J\u00fcrg Strauss<br><a href=\"https:\/\/www.bioagrikultur.bio\" target=\"_blank\" rel=\"noreferrer noopener\">www.bioagrikultur.bio<\/a><\/p>\n\n\n\n<p>Stefan Jaun<br><a href=\"http:\/\/www.joli-mont.ch\/\" target=\"_blank\" rel=\"noreferrer noopener\" class=\"broken_link\">www.joli-mont.ch<\/a><\/p>\n\n\n\n<p>Kilian Baumann<br><a href=\"http:\/\/www.suberg.ch\/\" target=\"_blank\" rel=\"noreferrer noopener\">Biohof Iselmatt<\/a><\/p>\n\n\n\n<p>David Meister<br><a href=\"http:\/\/www.steigackerhof.com\/\" target=\"_blank\" rel=\"noreferrer noopener\">www.steigackerhof.com<\/a><\/p>\n\n\n\n<p>Beat H\u00e4nni<br><a href=\"https:\/\/demeter.ch\/hoefe\/listing\/bio-hof-heimenhaus\" target=\"_blank\" rel=\"noreferrer noopener\">Biohof Heimenhaus<\/a><\/p>\n\n\n\n<p>Peter Hilfiker, Biobetrieb, Gem\u00fcse und Mutterkuhhaltung<br><a href=\"http:\/\/www.bioaktuell.ch\/fileadmin\/documents\/ba\/medienspiegel\/Medienspiegel-2012\/september-2012\/BZ_Portrait-Hilfiker_2012-09-28.pdf\" target=\"_blank\" rel=\"noreferrer noopener\">Peter Hilfiker<\/a><\/p>\n\n\n\n<p>Biohof Stauffenb\u00fchl, Simon V\u00f6geli<br><a href=\"http:\/\/www.xn--stauffenbhl-1hb.ch\/\" target=\"_blank\" rel=\"noreferrer noopener\">www.stauffenb\u00fchl.ch<\/a><\/p>\n\n\n\n<p>Fam. Raths Fuster, Biologisch-dynamischer Beeren- &amp; Obstbetrieb<br><a href=\"https:\/\/web.archive.org\/web\/20210805233147\/https:\/\/bio-beeren-obst.ch\/\" target=\"_blank\" rel=\"noreferrer noopener\">www.bio-beeren-obst.ch<\/a><\/p>\n\n\n\n<p>Karl Heuberger, Landwirt, Agronom HTL, t\u00e4tig in der Entwicklungszusammenarbeit Gabris 36, Hosenruck<br><a href=\"https:\/\/web.archive.org\/web\/20230607055026\/https:\/\/www.hof-gabris.ch\/\" target=\"_blank\" rel=\"noreferrer noopener\">www.hof-gabris.ch\/<\/a><\/p>\n\n\n\n<p><a href=\"http:\/\/www.bruderholzhof.ch\/\" target=\"_blank\" rel=\"noreferrer noopener\">Bruderholzhof<\/a>, Rina &amp; Andreas, Laura &amp; Manuel<\/p>\n\n\n\n<p>Val Nature, Bio Reb- und Obstbau, Salgesch<\/p>\n\n\n\n<p>Solawi Halde, Altendorf, Solidarische Landwirtschaft<br><a href=\"https:\/\/www.solawi-halde.ch\/\" target=\"_blank\" rel=\"noreferrer noopener\">www.solawi-halde.ch<\/a><\/p>\n\n\n\n<p>Fritz Bolliger, Utzigen, Bio-Suisse Betrieb<\/p>\n\n\n\n<p>Permakultur Svizzera<br><a href=\"http:\/\/www.permakultur.ch\/\" target=\"_blank\" rel=\"noreferrer noopener\">www.permakultur.ch<\/a><\/p>\n\n\n\n<p>Ernst Bromeis, Wasserbotschafter und Expeditionsschwimmer<br><a href=\"http:\/\/www.dasblauewunder.ch\/\" target=\"_blank\" rel=\"noreferrer noopener\">www.dasblauewunder.ch<\/a><\/p>\n\n\n\n<p>Zeitpunkt, die Zeitschrift f\u00fcr intelligente Optimisten und konstruktive Skeptiker<br><a href=\"http:\/\/www.zeitpunkt.ch\" target=\"_blank\" rel=\"noreferrer noopener\">www.zeitpunkt.ch<\/a><\/p>\n\n\n\n<p>Tatraum, AG f\u00fcr Kultur, Raum und Produktion<br><a href=\"http:\/\/bahnstrasse44.ch\/kontakt\/\" target=\"_blank\" rel=\"noreferrer noopener\">bahnstrasse44.ch<\/a><\/p>\n\n\n\n<p>Tierpartei Schweiz (TPS)<br><a href=\"https:\/\/www.tierpartei.ch\/\" target=\"_blank\" rel=\"noreferrer noopener\">www.tierpartei.ch<\/a><\/p>\n\n\n\n<p>AGSTG &#8211; Aktionsgemeinschaft Schweizer Tierversuchsgegner<br><a href=\"https:\/\/web.archive.org\/web\/20230323030604\/https:\/\/www.agstg.ch\/\" target=\"_blank\" rel=\"noreferrer noopener\">www.agstg.ch<\/a><\/p>\n\n\n\n<p>tier-im-fokus, setzt sich f\u00fcr die Rechte der Tiere ein<br><a href=\"http:\/\/www.tier-im-fokus.ch\/\" target=\"_blank\" rel=\"noreferrer noopener\">www.tier-im-fokus.ch<\/a><\/p>\n\n\n\n<p>NetAP, Tierschutzorganisation<br><a href=\"https:\/\/www.netap.ch\/de\/\" target=\"_blank\" rel=\"noreferrer noopener\">www.netap.ch<\/a><\/p>\n\n\n\n<p><a href=\"https:\/\/www.quatre-pattes.ch\/\" target=\"_blank\" rel=\"noreferrer noopener\">QUATRE PATTES<\/a> Protection des animaux<\/p>\n\n\n\n<p>Dachverband Berner Tierschutzorganisationen<br><a href=\"http:\/\/www.tierschutzkantonbern.ch\/?page_id=2\" target=\"_blank\" rel=\"noreferrer noopener\">www.tierschutzkantonbern.ch<\/a><\/p>\n\n\n\n<p>LSCV &#8211; Lega svizzera contro la sperimentazione animale e per i diritti dell\u2019animale<br><a href=\"http:\/\/www.lscv.ch\/\" target=\"_blank\" rel=\"noreferrer noopener\">www.lscv.ch<\/a><\/p>\n\n\n\n<p>Rolf Frischknecht, Tierarzt<br><a href=\"http:\/\/www.rolffrischknecht.ch\/\" target=\"_blank\" rel=\"noreferrer noopener\" class=\"broken_link\">www.rolffrischknecht.ch<\/a><\/p>\n\n\n\n<p>Praxis Rommel, Praxis f\u00fcr Naturheilkunde und unabh\u00e4ngige Gesundheit<br><a href=\"https:\/\/web.archive.org\/web\/20190818021123\/http:\/\/praxis-rommel.ch:80\/\" target=\"_blank\" rel=\"noreferrer noopener\">www.praxis-rommel.ch<\/a><\/p>\n\n\n\n<p>Dr. med. A. Schmocker<br><a href=\"https:\/\/www.dr-schmocker.ch\/\" target=\"_blank\" rel=\"noreferrer noopener\">www.dr-schmocker.ch<\/a><\/p>\n\n\n\n<p>Sandra Carina Imhof, Spezialistin f\u00fcr Nat\u00fcrliches Wassermanagement<br><a href=\"https:\/\/www.water4.earth\" target=\"_blank\" rel=\"noreferrer noopener\">www.water4.earth<\/a><\/p>\n\n\n\n<p>Daniel Stamm, Demeter-Imkerei<br><a href=\"https:\/\/www.imkerkurs.ch\/\" target=\"_blank\" rel=\"noreferrer noopener\" class=\"broken_link\">www.imkerkurs.ch<\/a><\/p>\n\n\n\n<p>Vincent Kocher, Imker FA<br><a href=\"http:\/\/www.imkerei-kocher.ch\" target=\"_blank\" rel=\"noreferrer noopener\">www.imkerei-kocher.ch<\/a><\/p>\n\n\n\n<p>Andergarten Schw\u00e4rzler Stefan, Gartenbau<br><a href=\"https:\/\/www.andergarten.be\/\" target=\"_blank\" rel=\"noreferrer noopener\">www.andergarten.be<\/a><\/p>\n\n\n\n<p>Patrick Haas, Gartenbauunternehmer und Gew\u00e4sserwart<br><a href=\"http:\/\/www.gartenhaas.ch\" target=\"_blank\" rel=\"noreferrer noopener\">www.gartenhaas.ch<\/a><\/p>\n\n\n\n<p>Thomas Uebelhart, Naturgarten<br><a href=\"https:\/\/web.archive.org\/web\/20240418193918\/https:\/\/www.uebelhartnaturgarten.ch\/\" target=\"_blank\" rel=\"noreferrer noopener\">www.uebelhartnaturgarten.ch<\/a><\/p>\n\n\n\n<p>energie-wende-ja<br><a href=\"http:\/\/energie-wende-ja.ch\/\" target=\"_blank\" rel=\"noreferrer noopener\">energie-wende-ja.ch<\/a><\/p>\n\n\n\n<p>Bern bleibt gr\u00fcn<br>www.bernbleibtgruen.ch<\/p>\n\n\n\n<p>Verein Friedenskraft<br><a href=\"https:\/\/www.friedenskraft.ch\" target=\"_blank\" rel=\"noreferrer noopener\">www.friedenskraft.ch<\/a><\/p>\n\n\n\n<p>Les chemins du bio<br><a href=\"http:\/\/www.lescheminsdubio.ch\/\" target=\"_blank\" rel=\"noreferrer noopener\">www.lescheminsdubio.ch<\/a><\/p>\n\n\n\n<p>Brache Guggach, Freiraum f\u00fcrs Quartier<br><a href=\"https:\/\/web.archive.org\/web\/20211221071929\/https:\/\/www.bracheguggach.ch\/\" target=\"_blank\" rel=\"noreferrer noopener\">www.bracheguggach.ch<\/a><\/p>\n\n\n\n<p>Rita &amp; Kurt Huwiler Freienstein<br><a href=\"http:\/\/www.bio-lindenhof.ch\" target=\"_blank\" rel=\"noreferrer noopener\" class=\"broken_link\">www.bio-lindenhof.ch<\/a><\/p>\n\n\n\n<p>Schweizer Bio Farmer<br><a href=\"https:\/\/web.archive.org\/web\/20190811212226\/http:\/www.swissbiofarmer.com:80\/\" target=\"_blank\" rel=\"noreferrer noopener\">www.swissbiofarmer.com<\/a><\/p>\n\n\n\n<p>Lucien Willemin<br><a href=\"http:\/\/www.lucien.lu\/tu-parles-charles\" target=\"_blank\" rel=\"noreferrer noopener\">www.lucien.lu\/tu-parles-charles<\/a><\/p>\n\n\n\n<p><a href=\"https:\/\/www.spiessverpackung.ch\/\" target=\"_blank\" rel=\"noreferrer noopener\">Spiess Verpackungs-Service AG<\/a><\/p>\n\n\n\n<p>Sabine Kl\u00e4ntschi und Regula Weber<br><a href=\"https:\/\/www.purpurtage.com\/\" target=\"_blank\" rel=\"noreferrer noopener\">www.purpurtage.com<\/a><\/p>\n\n\n\n<p>Michael Dieterle<br><a href=\"http:\/\/natur-pflege.ch\/\" target=\"_blank\" rel=\"noreferrer noopener\">natur-pflege.ch<\/a><\/p>\n\n\n\n<p>Anna Lia Ramseier<br><a href=\"http:\/\/www.praxis-elfenau.ch\" target=\"_blank\" rel=\"noreferrer noopener\">www.praxis-elfenau.ch<\/a><\/p>\n\n\n\n<p>Jo\u00eblle Gut \u2013 L\u00fctzelschwab, Lic. phil. Psychotherapeutin FSP<br><a href=\"http:\/\/www.psychotherapie-be.ch\/\" target=\"_blank\" rel=\"noreferrer noopener\">www.psychotherapie-be.ch<\/a><\/p>\n\n\n\n<p>BIOFORUM Schweiz<br><a href=\"https:\/\/web.archive.org\/web\/20250913130218\/https:\/\/www.bioforumschweiz.ch\/\" target=\"_blank\" rel=\"noreferrer noopener\">www.bioforumschweiz.ch<\/a><\/p>\n\n\n\n<p>Naturladen, Haus zur Glocke, Heiden<br><a href=\"http:\/\/www.bionat.ch\/\" target=\"_blank\" rel=\"noreferrer noopener\">www.bionat.ch<\/a><\/p>\n\n\n\n<p>Verein Treffpunkt Tier-Mensch, bietet Tieren einen Lebensplatz<br><a href=\"http:\/\/treffpunkttiermensch.ch\/\" target=\"_blank\" rel=\"noreferrer noopener\" class=\"broken_link\">www.treffpunkttiermensch.ch<\/a><\/p>\n\n\n\n<p>Bio im Zentrum, Schlieren ZH, Bioladen<br><a href=\"https:\/\/web.archive.org\/web\/20210614020954\/http:\/\/www.bioimzentrum.ch\/\" target=\"_blank\" rel=\"noreferrer noopener\">www.bioimzentrum.ch<\/a><\/p>\n\n\n\n<p>to Real Life, Blog um Rezepte f\u00fcr echten Genuss<br><a href=\"https:\/\/web.archive.org\/web\/20210125071549\/https:\/\/www.toreallife.com\/\" target=\"_blank\" rel=\"noreferrer noopener\">www.toreallife.com<\/a><\/p>\n\n\n\n<p>Naturheilpraxis Erika Wirth, Trin<br><a href=\"https:\/\/web.archive.org\/web\/20230331031235\/http:\/\/www.naturheilpraxis-am-see.ch\/\" target=\"_blank\" rel=\"noreferrer noopener\">www.naturheilpraxis.ch<\/a><\/p>\n\n\n\n<p>bambus Fairtrade Bioladen, Regensdorf<br><a href=\"http:\/\/bambus-fairtrade.ch\/\" target=\"_blank\" rel=\"noreferrer noopener\">www.bambus-fairtrade.ch<\/a><\/p>\n\n\n\n<p>Irene Mazza, Singer-Songwriterin, Br\u00fcckenbauerin, Delikatexterin<br><a href=\"http:\/\/www.irenemazza.ch\" target=\"_blank\" rel=\"noreferrer noopener\">www.irenemazza.ch<\/a><\/p>\n\n\n\n<p>Rohkosth\u00fcsli Schmid, Freienstein-Teufen<br><a href=\"https:\/\/web.archive.org\/web\/20230928181548\/https:\/\/www.rohkost-huesli.ch\" target=\"_blank\" rel=\"noreferrer noopener\">www.rohkost-huesli.ch<\/a><\/p>\n\n\n\n<p>tofulino, Winterthur, 1. Veganer take away<br><a href=\"https:\/\/web.archive.org\/web\/20180811212716\/https:\/\/www.tofulino.ch\/\" target=\"_blank\" rel=\"noreferrer noopener\">www.tofulino.ch<\/a><\/p>\n","protected":false},"excerpt":{"rendered":"<p>Il nostro interesse \u00e8 supportato da: 4aqua, Gruppo di esperti e scienziatiwww.4aqua.ch Delinat AG, Bioweinewww.delinat.com Fredy HiestandFredy&#8217;s Backwaren Greenpeace Svizzerawww.greenpeace.ch Federazione Svizzera di Pescawww.sfv-fsp.ch pro naturawww.pronatura.ch Verdi liberali Svizzera I VERDIi-verdi.ti Jeunes vert-e-sjeunesverts.ti PS Svizzero GISO Svizzera Jurgfreisinnige Aargau, Parteiwww.jungfreisinnige.ch\/jfag Arbeitsgemeinschaft Wasserwerke Bodensee-RheinAWBR Aqua Viva, die Gew\u00e4sserschutzorganisation der Schweizwww.aquaviva.ch Medici per l\u2019Ambiente (MpA)www.aefu.ch Swissveg, Per [&hellip;]<\/p>\n","protected":false},"author":5,"featured_media":0,"parent":0,"menu_order":0,"comment_status":"closed","ping_status":"open","template":"","meta":{"inline_featured_image":false},"acf":[],"featured_image_urls":{"full":"","thumbnail":"","medium":"","medium_large":"","large":"","1536x1536":"","2048x2048":"","post-thumbnail":"","twentytwenty-fullscreen":""},"post_excerpt_stackable":"<p>Il nostro interesse \u00e8 supportato da: 4aqua, Gruppo di esperti e scienziatiwww.4aqua.ch Delinat AG, Bioweinewww.delinat.com Fredy HiestandFredy&#8217;s Backwaren Greenpeace Svizzerawww.greenpeace.ch Federazione Svizzera di Pescawww.sfv-fsp.ch pro naturawww.pronatura.ch Verdi liberali Svizzera I VERDIi-verdi.ti Jeunes vert-e-sjeunesverts.ti PS Svizzero GISO Svizzera Jurgfreisinnige Aargau, Parteiwww.jungfreisinnige.ch\/jfag Arbeitsgemeinschaft Wasserwerke Bodensee-RheinAWBR Aqua Viva, die Gew\u00e4sserschutzorganisation der Schweizwww.aquaviva.ch Medici per l\u2019Ambiente (MpA)www.aefu.ch Swissveg, Per gli animali, l&#8217;ambiente et la salutewww.swissveg.ch Aargauischer Fischereiverbandwww.aarg-fischereiverband.ch VISION Birchhof, Biologisch-dynamischer Gem\u00fcseanbauwww.bio-birchhof.ch Bruno Martin, Biovin, Ligerzwww.biovin-martin.ch Markus Bucher, Bio-Gem\u00fcsebaubetriebFarngut Bioweingut Roland und Karin Lenzwww.weingut-lenz.ch H\u00c4NNI NOFLEN, Bio-Gem\u00fcsewww.haenni-noflen.ch Stefan Brunnerwww.brunnereichhof.ch J\u00fcrg Strausswww.bioagrikultur.bio Stefan Jaunwww.joli-mont.ch Kilian BaumannBiohof Iselmatt David Meisterwww.steigackerhof.com Beat H\u00e4nniBiohof Heimenhaus Peter Hilfiker, Biobetrieb, Gem\u00fcse&hellip;<\/p>\n","category_list":"","author_info":{"name":"Walter Kummer","url":"https:\/\/www.initiative-sauberes-trinkwasser.ch\/it\/author\/walter-kummer\/"},"comments_num":"0 commenti","featured_image_urls_v2":{"full":"","thumbnail":"","medium":"","medium_large":"","large":"","1536x1536":"","2048x2048":"","post-thumbnail":"","twentytwenty-fullscreen":""},"post_excerpt_stackable_v2":"<p>Il nostro interesse \u00e8 supportato da: 4aqua, Gruppo di esperti e scienziatiwww.4aqua.ch Delinat AG, Bioweinewww.delinat.com Fredy HiestandFredy&#8217;s Backwaren Greenpeace Svizzerawww.greenpeace.ch Federazione Svizzera di Pescawww.sfv-fsp.ch pro naturawww.pronatura.ch Verdi liberali Svizzera I VERDIi-verdi.ti Jeunes vert-e-sjeunesverts.ti PS Svizzero GISO Svizzera Jurgfreisinnige Aargau, Parteiwww.jungfreisinnige.ch\/jfag Arbeitsgemeinschaft Wasserwerke Bodensee-RheinAWBR Aqua Viva, die Gew\u00e4sserschutzorganisation der Schweizwww.aquaviva.ch Medici per l\u2019Ambiente (MpA)www.aefu.ch Swissveg, Per gli animali, l&#8217;ambiente et la salutewww.swissveg.ch Aargauischer Fischereiverbandwww.aarg-fischereiverband.ch VISION Birchhof, Biologisch-dynamischer Gem\u00fcseanbauwww.bio-birchhof.ch Bruno Martin, Biovin, Ligerzwww.biovin-martin.ch Markus Bucher, Bio-Gem\u00fcsebaubetriebFarngut Bioweingut Roland und Karin Lenzwww.weingut-lenz.ch H\u00c4NNI NOFLEN, Bio-Gem\u00fcsewww.haenni-noflen.ch Stefan Brunnerwww.brunnereichhof.ch J\u00fcrg Strausswww.bioagrikultur.bio Stefan Jaunwww.joli-mont.ch Kilian BaumannBiohof Iselmatt David Meisterwww.steigackerhof.com Beat H\u00e4nniBiohof Heimenhaus Peter Hilfiker, Biobetrieb, Gem\u00fcse&hellip;<\/p>\n","category_list_v2":"","author_info_v2":{"name":"Walter Kummer","url":"https:\/\/www.initiative-sauberes-trinkwasser.ch\/it\/author\/walter-kummer\/"},"comments_num_v2":"0 commenti","yoast_head":"<!-- This site is optimized with the Yoast SEO plugin v19.4 - https:\/\/yoast.com\/wordpress\/plugins\/seo\/ -->\n<title>Supporti - Trinkwasserinitiative<\/title>\n<meta name=\"robots\" content=\"index, follow, max-snippet:-1, max-image-preview:large, max-video-preview:-1\" \/>\n<link rel=\"canonical\" href=\"https:\/\/www.initiative-sauberes-trinkwasser.ch\/it\/supporti\/\" \/>\n<meta property=\"og:locale\" content=\"it_IT\" \/>\n<meta property=\"og:type\" content=\"article\" \/>\n<meta property=\"og:title\" content=\"Supporti - Trinkwasserinitiative\" \/>\n<meta property=\"og:description\" content=\"Il nostro interesse \u00e8 supportato da: 4aqua, Gruppo di esperti e scienziatiwww.4aqua.ch Delinat AG, Bioweinewww.delinat.com Fredy HiestandFredy&#8217;s Backwaren Greenpeace Svizzerawww.greenpeace.ch Federazione Svizzera di Pescawww.sfv-fsp.ch pro naturawww.pronatura.ch Verdi liberali Svizzera I VERDIi-verdi.ti Jeunes vert-e-sjeunesverts.ti PS Svizzero GISO Svizzera Jurgfreisinnige Aargau, Parteiwww.jungfreisinnige.ch\/jfag Arbeitsgemeinschaft Wasserwerke Bodensee-RheinAWBR Aqua Viva, die Gew\u00e4sserschutzorganisation der Schweizwww.aquaviva.ch Medici per l\u2019Ambiente (MpA)www.aefu.ch Swissveg, Per [&hellip;]\" \/>\n<meta property=\"og:url\" content=\"https:\/\/www.initiative-sauberes-trinkwasser.ch\/it\/supporti\/\" \/>\n<meta property=\"og:site_name\" content=\"Trinkwasserinitiative\" \/>\n<meta property=\"article:modified_time\" content=\"2026-01-15T13:39:56+00:00\" \/>\n<meta property=\"og:image\" content=\"https:\/\/www.initiative-sauberes-trinkwasser.ch\/wp-content\/uploads\/2020\/12\/TWI_Spenden_unterstu\u0308tzen_FB-1.png\" \/>\n\t<meta property=\"og:image:width\" content=\"3917\" \/>\n\t<meta property=\"og:image:height\" content=\"3283\" \/>\n\t<meta property=\"og:image:type\" content=\"image\/png\" \/>\n<meta name=\"twitter:card\" content=\"summary_large_image\" \/>\n<meta name=\"twitter:label1\" content=\"Tempo di lettura stimato\" \/>\n\t<meta name=\"twitter:data1\" content=\"2 minuti\" \/>\n<script type=\"application\/ld+json\" class=\"yoast-schema-graph\">{\"@context\":\"https:\/\/schema.org\",\"@graph\":[{\"@type\":\"WebSite\",\"@id\":\"https:\/\/www.initiative-sauberes-trinkwasser.ch\/#website\",\"url\":\"https:\/\/www.initiative-sauberes-trinkwasser.ch\/\",\"name\":\"Trinkwasserinitiative\",\"description\":\"\",\"potentialAction\":[{\"@type\":\"SearchAction\",\"target\":{\"@type\":\"EntryPoint\",\"urlTemplate\":\"https:\/\/www.initiative-sauberes-trinkwasser.ch\/?s={search_term_string}\"},\"query-input\":\"required name=search_term_string\"}],\"inLanguage\":\"it-IT\"},{\"@type\":\"WebPage\",\"@id\":\"https:\/\/www.initiative-sauberes-trinkwasser.ch\/it\/supporti\/\",\"url\":\"https:\/\/www.initiative-sauberes-trinkwasser.ch\/it\/supporti\/\",\"name\":\"Supporti - Trinkwasserinitiative\",\"isPartOf\":{\"@id\":\"https:\/\/www.initiative-sauberes-trinkwasser.ch\/#website\"},\"datePublished\":\"2017-04-27T16:38:38+00:00\",\"dateModified\":\"2026-01-15T13:39:56+00:00\",\"breadcrumb\":{\"@id\":\"https:\/\/www.initiative-sauberes-trinkwasser.ch\/it\/supporti\/#breadcrumb\"},\"inLanguage\":\"it-IT\",\"potentialAction\":[{\"@type\":\"ReadAction\",\"target\":[\"https:\/\/www.initiative-sauberes-trinkwasser.ch\/it\/supporti\/\"]}]},{\"@type\":\"BreadcrumbList\",\"@id\":\"https:\/\/www.initiative-sauberes-trinkwasser.ch\/it\/supporti\/#breadcrumb\",\"itemListElement\":[{\"@type\":\"ListItem\",\"position\":1,\"name\":\"Home\",\"item\":\"https:\/\/www.initiative-sauberes-trinkwasser.ch\/it\/\"},{\"@type\":\"ListItem\",\"position\":2,\"name\":\"Supporti\"}]}]}<\/script>\n<!-- \/ Yoast SEO plugin. -->","yoast_head_json":{"title":"Supporti - Trinkwasserinitiative","robots":{"index":"index","follow":"follow","max-snippet":"max-snippet:-1","max-image-preview":"max-image-preview:large","max-video-preview":"max-video-preview:-1"},"canonical":"https:\/\/www.initiative-sauberes-trinkwasser.ch\/it\/supporti\/","og_locale":"it_IT","og_type":"article","og_title":"Supporti - Trinkwasserinitiative","og_description":"Il nostro interesse \u00e8 supportato da: 4aqua, Gruppo di esperti e scienziatiwww.4aqua.ch Delinat AG, Bioweinewww.delinat.com Fredy HiestandFredy&#8217;s Backwaren Greenpeace Svizzerawww.greenpeace.ch Federazione Svizzera di Pescawww.sfv-fsp.ch pro naturawww.pronatura.ch Verdi liberali Svizzera I VERDIi-verdi.ti Jeunes vert-e-sjeunesverts.ti PS Svizzero GISO Svizzera Jurgfreisinnige Aargau, Parteiwww.jungfreisinnige.ch\/jfag Arbeitsgemeinschaft Wasserwerke Bodensee-RheinAWBR Aqua Viva, die Gew\u00e4sserschutzorganisation der Schweizwww.aquaviva.ch Medici per l\u2019Ambiente (MpA)www.aefu.ch Swissveg, Per [&hellip;]","og_url":"https:\/\/www.initiative-sauberes-trinkwasser.ch\/it\/supporti\/","og_site_name":"Trinkwasserinitiative","article_modified_time":"2026-01-15T13:39:56+00:00","og_image":[{"width":3917,"height":3283,"url":"https:\/\/www.initiative-sauberes-trinkwasser.ch\/wp-content\/uploads\/2020\/12\/TWI_Spenden_unterstu\u0308tzen_FB-1.png","type":"image\/png"}],"twitter_card":"summary_large_image","twitter_misc":{"Tempo di lettura stimato":"2 minuti"},"schema":{"@context":"https:\/\/schema.org","@graph":[{"@type":"WebSite","@id":"https:\/\/www.initiative-sauberes-trinkwasser.ch\/#website","url":"https:\/\/www.initiative-sauberes-trinkwasser.ch\/","name":"Trinkwasserinitiative","description":"","potentialAction":[{"@type":"SearchAction","target":{"@type":"EntryPoint","urlTemplate":"https:\/\/www.initiative-sauberes-trinkwasser.ch\/?s={search_term_string}"},"query-input":"required name=search_term_string"}],"inLanguage":"it-IT"},{"@type":"WebPage","@id":"https:\/\/www.initiative-sauberes-trinkwasser.ch\/it\/supporti\/","url":"https:\/\/www.initiative-sauberes-trinkwasser.ch\/it\/supporti\/","name":"Supporti - Trinkwasserinitiative","isPartOf":{"@id":"https:\/\/www.initiative-sauberes-trinkwasser.ch\/#website"},"datePublished":"2017-04-27T16:38:38+00:00","dateModified":"2026-01-15T13:39:56+00:00","breadcrumb":{"@id":"https:\/\/www.initiative-sauberes-trinkwasser.ch\/it\/supporti\/#breadcrumb"},"inLanguage":"it-IT","potentialAction":[{"@type":"ReadAction","target":["https:\/\/www.initiative-sauberes-trinkwasser.ch\/it\/supporti\/"]}]},{"@type":"BreadcrumbList","@id":"https:\/\/www.initiative-sauberes-trinkwasser.ch\/it\/supporti\/#breadcrumb","itemListElement":[{"@type":"ListItem","position":1,"name":"Home","item":"https:\/\/www.initiative-sauberes-trinkwasser.ch\/it\/"},{"@type":"ListItem","position":2,"name":"Supporti"}]}]}},"_links":{"self":[{"href":"https:\/\/www.initiative-sauberes-trinkwasser.ch\/it\/wp-json\/wp\/v2\/pages\/20057"}],"collection":[{"href":"https:\/\/www.initiative-sauberes-trinkwasser.ch\/it\/wp-json\/wp\/v2\/pages"}],"about":[{"href":"https:\/\/www.initiative-sauberes-trinkwasser.ch\/it\/wp-json\/wp\/v2\/types\/page"}],"author":[{"embeddable":true,"href":"https:\/\/www.initiative-sauberes-trinkwasser.ch\/it\/wp-json\/wp\/v2\/users\/5"}],"replies":[{"embeddable":true,"href":"https:\/\/www.initiative-sauberes-trinkwasser.ch\/it\/wp-json\/wp\/v2\/comments?post=20057"}],"version-history":[{"count":34,"href":"https:\/\/www.initiative-sauberes-trinkwasser.ch\/it\/wp-json\/wp\/v2\/pages\/20057\/revisions"}],"predecessor-version":[{"id":45743,"href":"https:\/\/www.initiative-sauberes-trinkwasser.ch\/it\/wp-json\/wp\/v2\/pages\/20057\/revisions\/45743"}],"wp:attachment":[{"href":"https:\/\/www.initiative-sauberes-trinkwasser.ch\/it\/wp-json\/wp\/v2\/media?parent=20057"}],"curies":[{"name":"wp","href":"https:\/\/api.w.org\/{rel}","templated":true}]}}